{"id":1262,"date":"2024-04-04T00:25:39","date_gmt":"2024-04-04T00:25:39","guid":{"rendered":"https:\/\/new.alteg.io\/?page_id=1262"},"modified":"2026-04-01T07:21:51","modified_gmt":"2026-04-01T07:21:51","slug":"privacy","status":"publish","type":"page","link":"https:\/\/alteg.io\/hu\/info\/privacy\/","title":{"rendered":"Adatv\u00e9delem"},"content":{"rendered":"\t\t<div data-elementor-type=\"wp-page\" data-elementor-id=\"1262\" class=\"elementor elementor-1262\" data-elementor-post-type=\"page\">\n\t\t\t\t\t\t<section class=\"elementor-section elementor-top-section elementor-element elementor-element-5417b43 autotranslationoff elementor-section-boxed elementor-section-height-default elementor-section-height-default\" data-id=\"5417b43\" data-element_type=\"section\" data-e-type=\"section\" data-settings=\"{&quot;background_background&quot;:&quot;classic&quot;}\" data-no-translation=\"\">\n\t\t\t\t\t\t<div class=\"elementor-container elementor-column-gap-default\">\n\t\t\t\t\t<div class=\"elementor-column elementor-col-100 elementor-top-column elementor-element elementor-element-f20b396\" data-id=\"f20b396\" data-element_type=\"column\" data-e-type=\"column\">\n\t\t\t<div class=\"elementor-widget-wrap elementor-element-populated\">\n\t\t\t\t\t\t<div class=\"elementor-element elementor-element-fb0566b elementor-invisible elementor-widget elementor-widget-heading\" data-id=\"fb0566b\" data-element_type=\"widget\" data-e-type=\"widget\" data-settings=\"{&quot;_animation&quot;:&quot;fadeInUp&quot;,&quot;_animation_mobile&quot;:&quot;fadeInDown&quot;,&quot;_animation_delay&quot;:300}\" data-widget_type=\"heading.default\">\n\t\t\t\t\t<h1 class=\"elementor-heading-title elementor-size-default\">Adatfeldolgoz\u00f3i Meg\u00e1llapod\u00e1s<\/h1>\t\t\t\t<\/div>\n\t\t\t\t<div class=\"elementor-element elementor-element-d8c2e39 text-a text-main animated-slow elementor-invisible elementor-widget elementor-widget-text-editor\" data-id=\"d8c2e39\" data-element_type=\"widget\" data-e-type=\"widget\" data-settings=\"{&quot;_animation&quot;:&quot;fadeIn&quot;,&quot;_animation_delay&quot;:500}\" data-widget_type=\"text-editor.default\">\n\t\t\t\t\t\t\t\t\t<p><span style=\"font-size:11pt;font-family:Calibri,sans-serif;\">Az al&aacute;bbi adatfeldolgoz&oacute;i meg&aacute;llapod&aacute;s (a tov&aacute;bbiakban:<\/span><strong><span style=\"font-size:11pt;font-family:Calibri,sans-serif;\">&nbsp;Meg&aacute;llapod&aacute;s<\/span><\/strong><span style=\"font-size:11pt;font-family:Calibri,sans-serif;\">) egyr&eacute;szr&#x151;l a&nbsp;<\/span><\/p>\n<p><br><\/p>\n<p style=\"text-align: justify;\"><strong><span style=\"font-size:11pt;font-family:Calibri,sans-serif;\">El&#x151;fizet&#x151;&nbsp;<\/span><\/strong><span style=\"font-size:11pt;font-family:Calibri,sans-serif;\">(mint Adatkezel&#x151;), a&nbsp;<\/span><a href=\"https:\/\/www.alteg.io\/hu\/info\/service-agreement\"><u><span >https:\/\/www.alteg.io\/hu\/info\/service-agreement<\/span><\/u><\/a><span style=\"font-size:11pt;font-family:Calibri,sans-serif;\">&nbsp;oldalon el&eacute;rhet&#x151; felhaszn&aacute;l&oacute;i meg&aacute;llapod&aacute;sban (a tov&aacute;bbiakban:&nbsp;<\/span><strong><span style=\"font-size:11pt;font-family:Calibri,sans-serif;\">Felhaszn&aacute;l&oacute;i Meg&aacute;llapod&aacute;s<\/span><\/strong><span style=\"font-size:11pt;font-family:Calibri,sans-serif;\">) meghat&aacute;rozottak szerint, m&aacute;sr&eacute;szr&#x151;l pedig a<\/span><\/p>\n<p><br><\/p>\n<p style=\"text-align: justify;\"><strong><span style=\"font-size:11pt;font-family:Calibri,sans-serif;\">ALTEGIO EUROPE Kft.&nbsp;<\/span><\/strong><span style=\"font-size:11pt;font-family:Calibri,sans-serif;\">(sz&eacute;khely: 1051 Budapest, Sz&eacute;chenyi Istv&aacute;n t&eacute;r 7.; k&eacute;pviseli:&nbsp;<\/span><span style=\"font-size:11pt;font-family:Calibri,sans-serif;\">Drobcs&aacute;k Teodor &uuml;gyvezet&#x151;<\/span><span style=\"font-size:11pt;font-family:Calibri,sans-serif;\">; a tov&aacute;bbiakban:&nbsp;<\/span><strong><span style=\"font-size:11pt;font-family:Calibri,sans-serif;\">Szolg&aacute;ltat&oacute; vagy Adatfeldolgoz&oacute;<\/span><\/strong><span style=\"font-size:11pt;font-family:Calibri,sans-serif;\">)<\/span><\/p>\n<p><br><\/p>\n<p style=\"text-align: justify;\"><span style=\"font-size:11pt;font-family:Calibri,sans-serif;\">(El&#x151;fizet&#x151; &eacute;s Szolg&aacute;ltat&oacute; egy&uuml;ttesen:&nbsp;<\/span><strong><span style=\"font-size:11pt;font-family:Calibri,sans-serif;\">&rdquo;Felek&rdquo;,&nbsp;<\/span><\/strong><span style=\"font-size:11pt;font-family:Calibri,sans-serif;\">k&uuml;l&ouml;n-k&uuml;l&ouml;n<\/span><strong><span style=\"font-size:11pt;font-family:Calibri,sans-serif;\">: &rdquo;F&eacute;l&rdquo;<\/span><\/strong><span style=\"font-size:11pt;font-family:Calibri,sans-serif;\">) k&ouml;z&ouml;tt j&ouml;tt l&eacute;tre alul&iacute;rott napon &eacute;s helyen az al&aacute;bbiak t&aacute;rgy&aacute;ban.<\/span><\/p>\n<p><br><\/p>\n<ol>\n    <li style=\"list-style-type:decimal;font-size:11pt;font-family:Calibri,sans-serif;\">\n        <p style=\"text-align: justify;\"><strong><span style=\"font-size:11pt;font-family:Calibri,sans-serif;\">El&#x151;zm&eacute;nyek<\/span><\/strong><\/p>\n    <\/li>\n<\/ol>\n<p><br><\/p>\n<ol>\n    <li style=\"list-style-type:decimal;font-size:11pt;font-family:Calibri,sans-serif;\">\n        <p style=\"text-align: justify;\"><span style=\"font-size:11pt;font-family:Calibri,sans-serif;\">A jelen Meg&aacute;llapod&aacute;ssal &ouml;sszef&uuml;gg&eacute;sben a Felek szolg&aacute;ltat&aacute;sny&uacute;jt&aacute;sra vonatkoz&oacute; meg&aacute;llapod&aacute;st k&ouml;t&ouml;ttek a Felhaszn&aacute;l&oacute;i Meg&aacute;llapod&aacute;sban meghat&aacute;rozott rendelkez&eacute;sekre tekintettel. Felek kijelentik, hogy amennyiben Szolg&aacute;ltat&oacute; a Felhaszn&aacute;l&oacute;i Meg&aacute;llapod&aacute;s alapj&aacute;n szem&eacute;lyes adatok feldolgoz&aacute;s&aacute;t v&eacute;gzi, &uacute;gy a Felek a jelen Meg&aacute;llapod&aacute;s rendelkez&eacute;seit tekintik ir&aacute;nyad&oacute;nak.<\/span><\/p>\n    <\/li>\n<\/ol>\n<p><br><\/p>\n<ol start=\"2\">\n    <li style=\"list-style-type:decimal;font-size:11pt;font-family:Calibri,sans-serif;\">\n        <p style=\"text-align: justify;\"><span style=\"font-size:11pt;font-family:Calibri,sans-serif;\">Jelen Meg&aacute;llapod&aacute;s elv&aacute;laszthatatlan r&eacute;sz&eacute;t k&eacute;pezi a Felek k&ouml;z&ouml;tt l&eacute;trej&ouml;tt Felhaszn&aacute;l&oacute;i Meg&aacute;llapod&aacute;snak. Erre val&oacute; tekintettel a jelen Meg&aacute;llapod&aacute;sban nem szab&aacute;lyozott k&eacute;rd&eacute;sekre, &iacute;gy k&uuml;l&ouml;n&ouml;sen a Meg&aacute;llapod&aacute;s hat&aacute;lya, felmond&aacute;si ideje &eacute;s annak felt&eacute;teleire a Felhaszn&aacute;l&oacute;i Meg&aacute;llapod&aacute;s rendelkez&eacute;sei ir&aacute;nyad&oacute;ak.<\/span><\/p>\n    <\/li>\n<\/ol>\n<p><br><\/p>\n<ol start=\"3\">\n    <li style=\"list-style-type:decimal;font-size:11pt;font-family:Calibri,sans-serif;\">\n        <p style=\"text-align: justify;\"><span style=\"font-size:11pt;font-family:Calibri,sans-serif;\">Felek a jelen Meg&aacute;llapod&aacute;st abb&oacute;l a c&eacute;lb&oacute;l k&ouml;tik meg, hogy meghat&aacute;rozz&aacute;k az El&#x151;fizet&#x151; &aacute;ltal kezelt szem&eacute;lyes adatok Szolg&aacute;ltat&oacute; &aacute;ltali feldolgoz&aacute;s&aacute;nak &eacute;s azokhoz t&ouml;rt&eacute;n&#x151; hozz&aacute;f&eacute;r&eacute;s&eacute;nek felt&eacute;teleit.<\/span><\/p>\n    <\/li>\n<\/ol>\n<p><br><\/p>\n<ol start=\"4\">\n    <li style=\"list-style-type:decimal;font-size:11pt;font-family:Calibri,sans-serif;\">\n        <p style=\"text-align: justify;\"><span style=\"font-size:11pt;font-family:Calibri,sans-serif;\">Amennyiben a k&ouml;r&uuml;lm&eacute;nyekb&#x151;l nyilv&aacute;nval&oacute;an m&aacute;s nem k&ouml;vetkezik, azok a fogalmak, amelyek a jelen Meg&aacute;llapod&aacute;sban el&#x151;fordulnak, de nincsenek meghat&aacute;rozva, ugyanolyan jelent&eacute;ssel rendelkeznek, mint ahogy azt az Eur&oacute;pai Parlament &eacute;s a Tan&aacute;cs (EU) 2016\/679 rendelete (2016. &aacute;prilis 27.) a term&eacute;szetes szem&eacute;lyeknek a szem&eacute;lyes adatok kezel&eacute;se tekintet&eacute;ben t&ouml;rt&eacute;n&#x151; v&eacute;delm&eacute;r&#x151;l &eacute;s az ilyen adatok szabad &aacute;raml&aacute;s&aacute;r&oacute;l, valamint a 95\/46\/EK rendelet hat&aacute;lyon k&iacute;v&uuml;l helyez&eacute;s&eacute;r&#x151;l (a tov&aacute;bbiakban:&nbsp;<\/span><strong><span style=\"font-size:11pt;font-family:Calibri,sans-serif;\">GDPR<\/span><\/strong><span style=\"font-size:11pt;font-family:Calibri,sans-serif;\">) meghat&aacute;rozza.<\/span><\/p>\n    <\/li>\n<\/ol>\n<p><br><\/p>\n<ol start=\"2\">\n    <li style=\"list-style-type:decimal;font-size:11pt;font-family:Calibri,sans-serif;\">\n        <p style=\"text-align: justify;\"><strong><span style=\"font-size:11pt;font-family:Calibri,sans-serif;\">Meg&aacute;llapod&aacute;s T&aacute;rgya<\/span><\/strong><\/p>\n    <\/li>\n<\/ol>\n<p><br><\/p>\n<ol>\n    <li style=\"list-style-type:decimal;font-size:11pt;font-family:Calibri,sans-serif;\">\n        <p style=\"text-align: justify;\"><span style=\"font-size:11pt;font-family:Calibri,sans-serif;\">Az El&#x151;fizet&#x151;, mint adatkezel&#x151; jelen Meg&aacute;llapod&aacute;s alapj&aacute;n megb&iacute;z&aacute;st ad Szolg&aacute;ltat&oacute;, mint adatfeldolgoz&oacute; r&eacute;sz&eacute;re, hogy El&#x151;fizet&#x151; &eacute;rdek&eacute;ben &eacute;s utas&iacute;t&aacute;sainak megfelel&#x151;en a Felhaszn&aacute;l&oacute;i Meg&aacute;llapod&aacute;s alapj&aacute;n v&eacute;gzett, az &bdquo;ALTEGIO&rdquo; rendszer &uuml;zemeltet&eacute;si szolg&aacute;ltat&aacute;shoz kapcsol&oacute;d&oacute;an a GDPR szerinti szem&eacute;lyes adatok feldolgoz&aacute;s&aacute;t v&eacute;gezze, amely megb&iacute;z&aacute;st Szolg&aacute;ltat&oacute; jelen Meg&aacute;llapod&aacute;s alapj&aacute;n elfogad.<\/span><\/p>\n    <\/li>\n<\/ol>\n<p><br><\/p>\n<ol start=\"2\">\n    <li style=\"list-style-type:decimal;font-size:11pt;font-family:Calibri,sans-serif;\">\n        <p style=\"text-align: justify;\"><span style=\"font-size:11pt;font-family:Calibri,sans-serif;\">Szolg&aacute;ltat&oacute; jelen Meg&aacute;llapod&aacute;s alapj&aacute;n az adatfeldolgoz&aacute;ssal kapcsolatos feladatokat k&uuml;l&ouml;n&ouml;sen az al&aacute;bbi c&eacute;lb&oacute;l &eacute;s m&eacute;rt&eacute;kben v&eacute;gzi El&#x151;fizet&#x151; r&eacute;sz&eacute;re:<\/span><\/p>\n    <\/li>\n<\/ol>\n<p><br><\/p>\n<ul>\n    <li style=\"list-style-type:disc;font-size:11pt;font-family:'Noto Sans Symbols',sans-serif;\">\n        <p style=\"text-align: justify;\"><span style=\"font-size:11pt;font-family:Calibri,sans-serif;\">&bdquo;ALTEGIO&rdquo; online id&#x151;pontfoglal&aacute;si szolg&aacute;ltat&aacute;s biztos&iacute;t&aacute;sa, az id&#x151;pontfoglal&oacute; rendszerben r&ouml;gz&iacute;tett adatok feldolgoz&aacute;sa, t&aacute;rol&aacute;sa<\/span><\/p>\n    <\/li>\n<\/ul>\n<ol start=\"3\">\n    <li style=\"list-style-type:decimal;font-size:11pt;font-family:Calibri,sans-serif;\">\n        <p style=\"text-align: justify;\"><span style=\"font-size:11pt;font-family:Calibri,sans-serif;\">A jelen Meg&aacute;llapod&aacute;s &eacute;rtelm&eacute;ben feldolgozott szem&eacute;lyes adatok t&iacute;pusait, valamint az &eacute;rintettek kateg&oacute;ri&aacute;it az 1. sz. mell&eacute;klet hat&aacute;rozza meg.<\/span><\/p>\n    <\/li>\n<\/ol>\n<p><br><\/p>\n<ol start=\"4\">\n    <li style=\"list-style-type:decimal;font-size:11pt;font-family:Calibri,sans-serif;\">\n        <p style=\"text-align: justify;\"><span style=\"font-size:11pt;font-family:Calibri,sans-serif;\">El&#x151;fizet&#x151; kijelenti &eacute;s szavatolja, hogy a Felhaszn&aacute;l&oacute;i Meg&aacute;llapod&aacute;s teljes&iacute;t&eacute;se sor&aacute;n birtok&aacute;ba ker&uuml;l&#x151; szem&eacute;lyes adatok kezel&#x151;j&eacute;nek min&#x151;s&uuml;l, valamint, hogy azokat jogszer&#x171;en kezeli. Felek r&ouml;gz&iacute;tik, hogy a jelen pontban foglalt k&ouml;telezetts&eacute;g El&#x151;fizet&#x151; &aacute;ltali megszeg&eacute;s&eacute;b&#x151;l ered&#x151; k&aacute;rral vagy k&ouml;lts&eacute;ggel &ouml;sszef&uuml;gg&eacute;sben harmadik szem&eacute;lyek &aacute;ltal a Szolg&aacute;ltat&oacute;val szemben t&aacute;masztott k&ouml;vetel&eacute;ssel vagy b&aacute;rmely ig&eacute;nnyel szemben El&#x151;fizet&#x151; tartozik felel&#x151;ss&eacute;ggel &eacute;s k&ouml;teles Szolg&aacute;ltat&oacute;t k&aacute;rmentesen tartani, valamint Szolg&aacute;ltat&oacute;nak a fenti ig&eacute;nyekkel &ouml;sszef&uuml;gg&eacute;sben keletkezett valamennyi k&aacute;r&aacute;t megt&eacute;r&iacute;teni.<\/span><\/p>\n    <\/li>\n<\/ol>\n<p><br><\/p>\n<ol start=\"3\">\n    <li style=\"list-style-type:decimal;font-size:11pt;font-family:Calibri,sans-serif;\">\n        <p style=\"text-align: justify;\"><strong><span style=\"font-size:11pt;font-family:Calibri,sans-serif;\">Meg&aacute;llapod&aacute;s Teljes&iacute;t&eacute;se, Adatkezel&#x151; &eacute;s adatfeldolgoz&oacute; jogai &eacute;s k&ouml;telezetts&eacute;gei<\/span><\/strong><\/p>\n    <\/li>\n<\/ol>\n<p><br><\/p>\n<ol>\n    <li style=\"list-style-type:decimal;font-size:11pt;font-family:Calibri,sans-serif;\">\n        <p style=\"text-align: justify;\"><span style=\"font-size:11pt;font-family:Calibri,sans-serif;\">Szolg&aacute;ltat&oacute; kijelenti, hogy a feladat teljes&iacute;t&eacute;s&eacute;hez sz&uuml;ks&eacute;ges felk&eacute;sz&uuml;lts&eacute;ggel, tapasztalattal rendelkezik, illetve, hogy Felhaszn&aacute;l&oacute;i Meg&aacute;llapod&aacute;sban foglalt k&ouml;telezetts&eacute;g&eacute;nek nemcsak szakmailag, de gazdas&aacute;gi &eacute;s jogi szempontb&oacute;l is k&eacute;pes eleget tenni.<\/span><\/p>\n    <\/li>\n<\/ol>\n<p><br><\/p>\n<ol start=\"2\">\n    <li style=\"list-style-type:decimal;font-size:11pt;font-family:Calibri,sans-serif;\">\n        <p style=\"text-align: justify;\"><span style=\"font-size:11pt;font-family:Calibri,sans-serif;\">Szolg&aacute;ltat&oacute; a jelen Meg&aacute;llapod&aacute;s alapj&aacute;n v&eacute;gzett feladatait kiz&aacute;r&oacute;lag a El&#x151;fizet&#x151; &iacute;r&aacute;sbeli, megfelel&#x151;en dokument&aacute;lt utas&iacute;t&aacute;sai alapj&aacute;n l&aacute;tja el &ndash; bele&eacute;rtve a szem&eacute;lyes adatoknak valamely harmadik orsz&aacute;g vagy nemzetk&ouml;zi szervezet sz&aacute;m&aacute;ra val&oacute; tov&aacute;bb&iacute;t&aacute;s&aacute;t is &ndash;, kiv&eacute;ve akkor, ha az adatkezel&eacute;st az adatfeldolgoz&oacute;ra alkalmazand&oacute; uni&oacute;s vagy tag&aacute;llami jog &iacute;rja el&#x151;; ebben az esetben err&#x151;l a jogi el&#x151;&iacute;r&aacute;sr&oacute;l az adatfeldolgoz&oacute; az adatkezel&#x151;t az adatkezel&eacute;st megel&#x151;z&#x151;en &eacute;rtes&iacute;ti, kiv&eacute;ve, ha az adatkezel&#x151; &eacute;rtes&iacute;t&eacute;s&eacute;t az adott jogszab&aacute;ly fontos k&ouml;z&eacute;rdekb&#x151;l tiltja.<\/span><\/p>\n    <\/li>\n<\/ol>\n<p><br><\/p>\n<ol start=\"3\">\n    <li style=\"list-style-type:decimal;font-size:11pt;font-family:Calibri,sans-serif;\">\n        <p style=\"text-align: justify;\"><span style=\"font-size:11pt;font-family:Calibri,sans-serif;\">Szolg&aacute;ltat&oacute; kijelenti &eacute;s szavatolja, hogy az adatfeldolgoz&aacute;s sor&aacute;n szem&eacute;lyes adatok harmadik orsz&aacute;gba nem ker&uuml;lnek &aacute;tad&aacute;sra, azok feldolgoz&aacute;sa, t&aacute;rol&aacute;sa az Eur&oacute;pai Uni&oacute; ter&uuml;let&eacute;n bel&uuml;l t&ouml;rt&eacute;nik.&nbsp;<\/span><\/p>\n    <\/li>\n<\/ol>\n<p><br><\/p>\n<ol start=\"4\">\n    <li style=\"list-style-type:decimal;font-size:11pt;font-family:Calibri,sans-serif;\">\n        <p style=\"text-align: justify;\"><span style=\"font-size:11pt;font-family:Calibri,sans-serif;\">Felek r&ouml;gz&iacute;tik, hogy az adatfeldolgoz&aacute;si m&#x171;veletekre vonatkoz&oacute; utas&iacute;t&aacute;sok jogszer&#x171;s&eacute;g&eacute;&eacute;rt (&iacute;gy k&uuml;l&ouml;n&ouml;sen a Szolg&aacute;ltat&oacute; &aacute;ltal feldolgozott szem&eacute;lyes adatok helyess&eacute;g&eacute;&eacute;rt &eacute;s az azok feldolgoz&aacute;s&aacute;hoz sz&uuml;ks&eacute;ges hozz&aacute;j&aacute;rul&aacute;snak megl&eacute;t&eacute;&eacute;rt) az El&#x151;fizet&#x151; felel.<\/span><\/p>\n    <\/li>\n<\/ol>\n<p><br><\/p>\n<ol start=\"5\">\n    <li style=\"list-style-type:decimal;font-size:11pt;font-family:Calibri,sans-serif;\">\n        <p style=\"text-align: justify;\"><span style=\"font-size:11pt;font-family:Calibri,sans-serif;\">A Szolg&aacute;ltat&oacute; k&ouml;teles megtagadni az utas&iacute;t&aacute;s v&eacute;grehajt&aacute;s&aacute;t, ha az jogszab&aacute;ly vagy hat&oacute;s&aacute;gi hat&aacute;rozat megs&eacute;rt&eacute;s&eacute;re vezetne, vagy vesz&eacute;lyeztetn&eacute; m&aacute;sok szem&eacute;ly&eacute;t vagy vagyon&aacute;t, illetve azzal b&#x171;ncselekm&eacute;nyt val&oacute;s&iacute;tana meg.<\/span><\/p>\n    <\/li>\n<\/ol>\n<p><br><\/p>\n<ol start=\"6\">\n    <li style=\"list-style-type:decimal;font-size:11pt;font-family:Calibri,sans-serif;\">\n        <p style=\"text-align: justify;\"><span style=\"font-size:11pt;font-family:Calibri,sans-serif;\">Szolg&aacute;ltat&oacute; k&ouml;teles az El&#x151;fizet&#x151;t halad&eacute;ktalanul &eacute;rtes&iacute;teni, ha v&eacute;lem&eacute;nye szerint az El&#x151;fizet&#x151; &aacute;ltal adott valamely utas&iacute;t&aacute;s ellent&eacute;tes a GDPR szab&aacute;lyaival vagy az adatv&eacute;delemre vonatkoz&oacute; egy&eacute;b jogszab&aacute;lyi rendelkez&eacute;sekkel. Ebben az esetben a Szolg&aacute;ltat&oacute; d&ouml;nthet &uacute;gy, hogy a k&eacute;rd&eacute;ses utas&iacute;t&aacute;s v&eacute;grehajt&aacute;s&aacute;t felf&uuml;ggeszti addig, am&iacute;g azt az El&#x151;fizet&#x151; meger&#x151;s&iacute;ti vagy megv&aacute;ltoztatja. Amennyiben El&#x151;fizet&#x151; fenntartja utas&iacute;t&aacute;s&aacute;t, az utas&iacute;t&aacute;s Szolg&aacute;ltat&oacute; &aacute;ltali v&eacute;grehajt&aacute;s&aacute;b&oacute;l ered&#x151; valamennyi k&aacute;r&eacute;rt az El&#x151;fizet&#x151; felel<\/span><span style=\"font-size:10pt;font-family:Verdana,sans-serif;\">.<\/span><\/p>\n    <\/li>\n<\/ol>\n<p><br><\/p>\n<ol start=\"7\">\n    <li style=\"list-style-type:decimal;font-size:11pt;font-family:Calibri,sans-serif;\">\n        <p style=\"text-align: justify;\"><span style=\"font-size:11pt;font-family:Calibri,sans-serif;\">Az El&#x151;fizet&#x151; v&aacute;llalja, hogy amennyiben a Szolg&aacute;ltat&oacute; teljes&iacute;t&eacute;s&eacute;hez adatok, inform&aacute;ci&oacute;k, vagy egy&eacute;b nyilatkozatok sz&uuml;ks&eacute;gesek, &uacute;gy azokat ig&eacute;ny eset&eacute;n halad&eacute;ktalanul, de legk&eacute;s&#x151;bb h&aacute;rom munkanapon bel&uuml;l &aacute;tadja, illetve megadja a Szolg&aacute;ltat&oacute;nak.<\/span><\/p>\n    <\/li>\n<\/ol>\n<p><br><\/p>\n<ol start=\"8\">\n    <li style=\"list-style-type:decimal;font-size:11pt;font-family:Calibri,sans-serif;\">\n        <p style=\"text-align: justify;\"><span style=\"font-size:11pt;font-family:Calibri,sans-serif;\">Szolg&aacute;ltat&oacute; az adatkezel&eacute;s jelleg&eacute;nek figyelembev&eacute;tel&eacute;vel megfelel&#x151; technikai &eacute;s szervez&eacute;si int&eacute;zked&eacute;sekkel a lehets&eacute;ges m&eacute;rt&eacute;kben seg&iacute;ti az El&#x151;fizet&#x151;t abban, hogy teljes&iacute;teni tudja k&ouml;telezetts&eacute;g&eacute;t az &eacute;rintett szem&eacute;ly (a tov&aacute;bbiakban: &Eacute;rintett Szem&eacute;ly) jogainak gyakorl&aacute;s&aacute;hoz kapcsol&oacute;d&oacute; k&eacute;relmek megv&aacute;laszol&aacute;sa tekintet&eacute;ben. A Szolg&aacute;ltat&oacute;nak az El&#x151;fizet&#x151; k&eacute;r&eacute;s&eacute;re &eacute;s a lehets&eacute;ges m&eacute;rt&eacute;kig seg&iacute;tenie kell az El&#x151;fizet&#x151;t abban, hogy az &Eacute;rintett Szem&eacute;lyekt&#x151;l &eacute;rkez&#x151;, al&aacute;bbi t&eacute;m&aacute;kkal kapcsolatos k&eacute;rd&eacute;seket megv&aacute;laszolja: az &eacute;rintettek hozz&aacute;f&eacute;r&eacute;si jog&aacute;nak gyakorl&aacute;sa, t&ouml;rl&eacute;s, helyesb&iacute;t&eacute;s, kiigaz&iacute;t&aacute;s, tiltakoz&aacute;s, adatkezel&eacute;s korl&aacute;toz&aacute;sa, adatok t&aacute;rol&aacute;s&aacute;nak megsz&uuml;ntet&eacute;se, adathordozhat&oacute;s&aacute;g, automatiz&aacute;lt adatkezel&eacute;ssel hozott d&ouml;nt&eacute;s al&oacute;li mentes&uuml;l&eacute;s, jogorvoslati jog&aacute;nak gyakorl&aacute;sa.<\/span><\/p>\n    <\/li>\n<\/ol>\n<p><br><\/p>\n<ol start=\"9\">\n    <li style=\"list-style-type:decimal;font-size:11pt;font-family:Calibri,sans-serif;\">\n        <p style=\"text-align: justify;\"><span style=\"font-size:11pt;font-family:Calibri,sans-serif;\">Amennyiben az El&#x151;fizet&#x151; &iacute;gy rendelkezik, a Szolg&aacute;ltat&oacute; k&ouml;teles az &Eacute;rintett Szem&eacute;lyre vonatkoz&oacute; szem&eacute;lyes adatot az &Eacute;rintett Szem&eacute;ly k&eacute;r&eacute;se szerint helyesb&iacute;teni, t&ouml;r&ouml;lni vagy feldolgozni.<\/span><\/p>\n    <\/li>\n<\/ol>\n<p><br><\/p>\n<ol start=\"10\">\n    <li style=\"list-style-type:decimal;font-size:11pt;font-family:Calibri,sans-serif;\">\n        <p style=\"text-align: justify;\"><span style=\"font-size:11pt;font-family:Calibri,sans-serif;\">A El&#x151;fizet&#x151; v&aacute;llalja, hogy amennyiben tudom&aacute;s&aacute;ra jut, hogy a kezelt adatokkal kapcsolatosan az &Eacute;rintett Szem&eacute;ly b&aacute;rmely m&oacute;don is tiltakozik adat&aacute;nak kezel&eacute;se, tov&aacute;bb&iacute;t&aacute;sa ellen, &uacute;gy az erre vonatkoz&oacute; inform&aacute;ci&oacute;j&aacute;t halad&eacute;ktalanul k&ouml;zli a Szolg&aacute;ltat&oacute;val, aki a jelen Meg&aacute;llapod&aacute;s szerinti adatfeldolgoz&oacute;i feladatait ennek megfelel&#x151;en teljes&iacute;ti a tov&aacute;bbiakban. A jelen pontban &iacute;rt t&aacute;j&eacute;koztat&aacute;s elmulaszt&aacute;s&aacute;b&oacute;l ered&#x151; valamennyi k&aacute;r&eacute;rt Szolg&aacute;ltat&oacute; kiz&aacute;rja a felel&#x151;ss&eacute;g&eacute;t.<\/span><\/p>\n    <\/li>\n<\/ol>\n<p><br><\/p>\n<ol start=\"11\">\n    <li style=\"list-style-type:decimal;font-size:11pt;font-family:Calibri,sans-serif;\">\n        <p style=\"text-align: justify;\"><span style=\"font-size:11pt;font-family:Calibri,sans-serif;\">Amennyiben a Szolg&aacute;ltat&oacute;hoz az &Eacute;rintett Szem&eacute;lyt&#x151;l a szem&eacute;lyes adatai feldolgoz&aacute;s&aacute;val vagy jogainak gyakorl&aacute;s&aacute;val kapcsolatos k&eacute;r&eacute;s vagy panasz &eacute;rkezik, &uacute;gy k&ouml;teles a k&eacute;r&eacute;st vagy panaszt a El&#x151;fizet&#x151; r&eacute;sz&eacute;re halad&eacute;ktalanul &eacute;s a lehet&#x151; legt&ouml;bb r&eacute;szletet bemutatva tov&aacute;bb&iacute;tani.<\/span><span style=\"font-size:9pt;font-family:Calibri,sans-serif;\">&nbsp;<\/span><span style=\"font-size:11pt;font-family:Calibri,sans-serif;\">A Szolg&aacute;ltat&oacute; az ilyen k&eacute;r&eacute;st vagy panaszt az El&#x151;fizet&#x151; utas&iacute;t&aacute;sai szerint k&ouml;teles kezelni.<\/span><\/p>\n    <\/li>\n<\/ol>\n<p><br><\/p>\n<ol start=\"12\">\n    <li style=\"list-style-type:decimal;font-size:11pt;font-family:Calibri,sans-serif;\">\n        <p style=\"text-align: justify;\"><span style=\"font-size:11pt;font-family:Calibri,sans-serif;\">Szolg&aacute;ltat&oacute; seg&iacute;ti az El&#x151;fizet&#x151;t az adatbiztons&aacute;ggal, az adatv&eacute;delmi incidensek kezel&eacute;s&eacute;vel, az adatv&eacute;delmi hat&aacute;svizsg&aacute;lattal kapcsolatos k&ouml;telezetts&eacute;gek teljes&iacute;t&eacute;s&eacute;ben, figyelembe v&eacute;ve az adatkezel&eacute;s jelleg&eacute;t &eacute;s a Szolg&aacute;ltat&oacute; rendelkez&eacute;s&eacute;re &aacute;ll&oacute; inform&aacute;ci&oacute;kat.<\/span><\/p>\n    <\/li>\n<\/ol>\n<p><br><\/p>\n<ol start=\"13\">\n    <li style=\"list-style-type:decimal;font-size:11pt;font-family:Calibri,sans-serif;\">\n        <p style=\"text-align: justify;\"><span style=\"font-size:11pt;font-family:Calibri,sans-serif;\">Szolg&aacute;ltat&oacute; k&ouml;teles az El&#x151;fizet&#x151; rendelkez&eacute;s&eacute;re bocs&aacute;tani minden olyan inform&aacute;ci&oacute;t &eacute;s dokumentumot, amely az El&#x151;fizet&#x151; szem&eacute;lyes adatok kezel&eacute;s&eacute;vel kapcsolatban, jogszab&aacute;lyban meghat&aacute;rozott k&ouml;telezetts&eacute;gek teljes&iacute;t&eacute;s&eacute;nek igazol&aacute;s&aacute;hoz sz&uuml;ks&eacute;ges, tov&aacute;bb&aacute; amely lehet&#x151;v&eacute; teszi &eacute;s el&#x151;seg&iacute;ti az El&#x151;fizet&#x151; &aacute;ltal vagy az &aacute;ltala Szolg&aacute;ltat&oacute; m&aacute;s ellen&#x151;r &aacute;ltal v&eacute;gzett ellen&#x151;rz&eacute;seket, auditokat, bele&eacute;rtve a helysz&iacute;ni vizsg&aacute;latokat is. Szolg&aacute;ltat&oacute; k&ouml;teles az El&#x151;fizet&#x151;t ezen vizsg&aacute;latok, ellen&#x151;rz&eacute;sek, auditok teljes&iacute;t&eacute;se sor&aacute;n t&aacute;mogatni, seg&iacute;teni &eacute;s biztos&iacute;tani, hogy a vizsg&aacute;latokat, auditokat &eacute;s ellen&#x151;rz&eacute;seket hat&eacute;konyan &eacute;s helyesen hajtj&aacute;k v&eacute;gre.<\/span><\/p>\n    <\/li>\n<\/ol>\n<p><br><\/p>\n<ol start=\"4\">\n    <li style=\"list-style-type:decimal;font-size:11pt;font-family:Calibri,sans-serif;\">\n        <p style=\"text-align: justify;\"><strong><span style=\"font-size:11pt;font-family:Calibri,sans-serif;\">Adatbiztons&aacute;gi int&eacute;zked&eacute;sek<\/span><\/strong><\/p>\n    <\/li>\n<\/ol>\n<p><br><\/p>\n<ol>\n    <li style=\"list-style-type:decimal;font-size:11pt;font-family:Calibri,sans-serif;\">\n        <p style=\"text-align: justify;\"><span style=\"font-size:11pt;font-family:Calibri,sans-serif;\">Szolg&aacute;ltat&oacute; k&ouml;teles megfelel&#x151; technikai &eacute;s szervezeti int&eacute;zked&eacute;seket hozni annak &eacute;rdek&eacute;ben, hogy az &aacute;ltala a jelen Meg&aacute;llapod&aacute;s alapj&aacute;n feldolgozott szem&eacute;lyes adatok v&eacute;delm&eacute;t biztos&iacute;tani tudja. &Iacute;gy Szolg&aacute;ltat&oacute; k&ouml;teles gondoskodni a feladatok teljes&iacute;t&eacute;se sor&aacute;n az &aacute;ltala t&aacute;rolt adatok biztons&aacute;g&aacute;r&oacute;l, k&ouml;teles megtenni azokat a technikai &eacute;s szervez&eacute;si int&eacute;zked&eacute;seket, &eacute;s kialak&iacute;tani azokat az elj&aacute;r&aacute;si szab&aacute;lyokat, amelyek az adatv&eacute;delem, titokv&eacute;delem &eacute;rv&eacute;nyes&iacute;t&eacute;se &eacute;rdek&eacute;ben sz&uuml;ks&eacute;gesek. A Szolg&aacute;ltat&oacute; az adatb&aacute;zist v&eacute;deni k&ouml;teles a jogosulatlan hozz&aacute;f&eacute;r&eacute;s, megv&aacute;ltoz&aacute;s\/megv&aacute;ltoztat&aacute;s, a nyilv&aacute;noss&aacute;gra hoz&aacute;s, a t&ouml;rl&eacute;s, a s&eacute;r&uuml;l&eacute;s, &eacute;s megsemmis&uuml;l&eacute;s ellen.<\/span><\/p>\n    <\/li>\n<\/ol>\n<p><br><\/p>\n<ol start=\"2\">\n    <li style=\"list-style-type:decimal;font-size:11pt;font-family:Calibri,sans-serif;\">\n        <p style=\"text-align: justify;\"><span style=\"font-size:11pt;font-family:Calibri,sans-serif;\">Az int&eacute;zked&eacute;seket olyan megfelel&#x151; szinten kell meghozni, amely figyelembe veszi a szem&eacute;lyes adatok &eacute;rz&eacute;kenys&eacute;g&eacute;nek fok&aacute;t, az egyes fenn&aacute;ll&oacute; kock&aacute;zatokat, a megl&eacute;v&#x151; technikai lehet&#x151;s&eacute;geket &eacute;s az int&eacute;zked&eacute;sek meghozatal&aacute;nak k&ouml;lts&eacute;geit.<\/span><\/p>\n    <\/li>\n<\/ol>\n<p><br><\/p>\n<ol start=\"3\">\n    <li style=\"list-style-type:decimal;font-size:11pt;font-family:Calibri,sans-serif;\">\n        <p style=\"text-align: justify;\"><span style=\"font-size:11pt;font-family:Calibri,sans-serif;\">A Szolg&aacute;ltat&oacute; &aacute;ltal v&aacute;llalt &eacute;s a Szolg&aacute;ltat&oacute; megb&iacute;z&aacute;sa alapj&aacute;n elj&aacute;r&oacute;, az 5.1. pontban meghat&aacute;rozott Al-adatfeldolgoz&oacute; &aacute;ltal biztos&iacute;tott egyes adatbiztons&aacute;gi int&eacute;zked&eacute;sek le&iacute;r&aacute;s&aacute;t a 2. sz&aacute;m&uacute; mell&eacute;klet tartalmazza.<\/span><\/p>\n    <\/li>\n<\/ol>\n<p><br><\/p>\n<ol start=\"4\">\n    <li style=\"list-style-type:decimal;font-size:11pt;font-family:Calibri,sans-serif;\">\n        <p style=\"text-align: justify;\"><span style=\"font-size:11pt;font-family:Calibri,sans-serif;\">Jelen Meg&aacute;llapod&aacute;s vonatkoz&aacute;s&aacute;ban Adatv&eacute;delmi Incidensnek min&#x151;s&uuml;l a biztons&aacute;g olyan s&eacute;r&uuml;l&eacute;se, amely a tov&aacute;bb&iacute;tott, t&aacute;rolt vagy m&aacute;s m&oacute;don kezelt vagy feldolgozott szem&eacute;lyes adatok v&eacute;letlen vagy jogellenes megsemmis&iacute;t&eacute;s&eacute;t, elveszt&eacute;s&eacute;t, megv&aacute;ltoztat&aacute;s&aacute;t, jogosulatlan k&ouml;zl&eacute;s&eacute;t vagy az azokhoz val&oacute; jogosulatlan hozz&aacute;f&eacute;r&eacute;st eredm&eacute;nyezi. A Szolg&aacute;ltat&oacute; az Adatv&eacute;delmi Incidensr&#x151;l az El&#x151;fizet&#x151;t &iacute;r&aacute;sban, halad&eacute;ktalanul, de legfeljebb a tudom&aacute;sszerz&eacute;st&#x151;l sz&aacute;m&iacute;tott 24 (huszonn&eacute;gy) &oacute;r&aacute;n bel&uuml;l &eacute;rtes&iacute;ti. &nbsp;A Szolg&aacute;ltat&oacute; az &eacute;rtes&iacute;t&eacute;sben kell&#x151; r&eacute;szletess&eacute;ggel &ouml;sszefoglalja az Adatv&eacute;delmi Incidens El&#x151;fizet&#x151;re gyakorolt hat&aacute;s&aacute;t, ha az ismert, valamint a Szolg&aacute;ltat&oacute; &aacute;ltal megtenni k&iacute;v&aacute;nt korrekci&oacute;s int&eacute;zked&eacute;st. &nbsp;A Szolg&aacute;ltat&oacute; halad&eacute;ktalanul megteszi az &ouml;sszes sz&uuml;ks&eacute;ges vagy javasolt korrekci&oacute;s int&eacute;zked&eacute;st &eacute;s teljesk&ouml;r&#x171;en egy&uuml;ttm&#x171;k&ouml;dik az El&#x151;fizet&#x151;vel az Adatv&eacute;delmi Incidens megel&#x151;z&eacute;s&eacute;re, m&eacute;rs&eacute;kl&eacute;s&eacute;re vagy orvosl&aacute;s&aacute;ra ir&aacute;nyul&oacute; minden indokolt &eacute;s jogszer&#x171; er&#x151;fesz&iacute;t&eacute;s&eacute;ben. &nbsp;A Szolg&aacute;ltat&oacute; viseli a jelen bekezd&eacute;sben ismertetett k&ouml;telezetts&eacute;geinek teljes&iacute;t&eacute;s&eacute;vel &ouml;sszef&uuml;gg&#x151; k&ouml;lts&eacute;geket &eacute;s kiad&aacute;sokat, kiv&eacute;ve, ha az Adatv&eacute;delmi Incidenst az El&#x151;fizet&#x151; elj&aacute;r&aacute;sa vagy mulaszt&aacute;sa okozta. A Szolg&aacute;ltat&oacute; seg&iacute;ti az El&#x151;fizet&#x151;t a GDPR &eacute;s az egy&eacute;b adatv&eacute;delmi t&aacute;rgy&uacute; jogszab&aacute;lyok rendelkez&eacute;sei alapj&aacute;n az Adatv&eacute;delmi Incidens bejelent&eacute;s&eacute;re vonatkoz&oacute; saj&aacute;t k&ouml;telezetts&eacute;g&eacute;nek &eacute;s az El&#x151;fizet&#x151; &uuml;gyfelek fel&eacute; fenn&aacute;ll&oacute; t&aacute;j&eacute;koztat&aacute;si k&ouml;telezetts&eacute;g&eacute;nek teljes&iacute;t&eacute;s&eacute;ben. A Szolg&aacute;ltat&oacute; halad&eacute;ktalanul megteszi az &ouml;sszes sz&uuml;ks&eacute;ges korrekci&oacute;s int&eacute;zked&eacute;st &eacute;s teljesk&ouml;r&#x171;en egy&uuml;ttm&#x171;k&ouml;dik El&#x151;fizet&#x151;vel az Adatv&eacute;delmi Incidens hat&aacute;sainak m&eacute;rs&eacute;kl&eacute;s&eacute;re ir&aacute;nyul&oacute; minden indokolt &eacute;s jogszer&#x171; er&#x151;fesz&iacute;t&eacute;s megt&eacute;tel&eacute;ben. Szolg&aacute;ltat&oacute; az Adatv&eacute;delmi Incidensekr&#x151;l nyilv&aacute;ntart&aacute;st vezet.<\/span><\/p>\n    <\/li>\n<\/ol>\n<p><br><\/p>\n<ol start=\"5\">\n    <li style=\"list-style-type:decimal;font-size:11pt;font-family:Calibri,sans-serif;\">\n        <p style=\"text-align: justify;\"><strong><span style=\"font-size:11pt;font-family:Calibri,sans-serif;\">Al-adatfeldolgoz&oacute; ig&eacute;nybev&eacute;tele<\/span><\/strong><\/p>\n    <\/li>\n<\/ol>\n<p><br><\/p>\n<ol>\n    <li style=\"list-style-type:decimal;font-size:11pt;font-family:Calibri,sans-serif;\">\n        <p style=\"text-align: justify;\"><span style=\"font-size:11pt;font-family:Calibri,sans-serif;\">Felek meg&aacute;llapodnak, hogy Szolg&aacute;ltat&oacute; a jelen Meg&aacute;llapod&aacute;sban meghat&aacute;rozott adatfeldolgoz&oacute;i tev&eacute;kenys&eacute;g&eacute;nek ell&aacute;t&aacute;sa sor&aacute;n az al&aacute;bbi al-adatfeldolgoz&oacute;t (a tov&aacute;bbiakban:&nbsp;<\/span><strong><span style=\"font-size:11pt;font-family:Calibri,sans-serif;\">Al-adatfeldolgoz&oacute;<\/span><\/strong><span style=\"font-size:11pt;font-family:Calibri,sans-serif;\">) veszi ig&eacute;nybe az itt meghat&aacute;rozott c&eacute;lb&oacute;l:<\/span><\/p>\n    <\/li>\n<\/ol>\n<p><br><\/p>\n<ul>\n    <li style=\"list-style-type:disc;font-size:11pt;font-family:'Noto Sans Symbols',sans-serif;\">\n        <p style=\"text-align: justify;\"><span style=\"font-size:11pt;font-family:Calibri,sans-serif;\">Altegio Limited (25 Andrea Kalvou Street, Office 102, 2321 Lakatameia, &nbsp;Nicosia, Cyprus)<\/span><\/p>\n        <ul>\n            <li style=\"list-style-type:disc;font-size:11pt;font-family:'Courier New',monospace;\">\n                <p style=\"text-align: justify;\"><span style=\"font-size:11pt;font-family:Calibri,sans-serif;\">az adatfeldolgoz&aacute;s c&eacute;lja a ALTEGIO rendszer &uuml;zemeltet&eacute;s&eacute;vel kapcsolatos technikai feladatok megval&oacute;s&iacute;t&aacute;sa<\/span><\/p>\n            <\/li>\n        <\/ul>\n    <\/li>\n    <li style=\"list-style-type:disc;font-size:11pt;font-family:'Noto Sans Symbols',sans-serif;\">\n        <p style=\"text-align: justify;\"><span style=\"font-size:11pt;font-family:Calibri,sans-serif;\">LINK Mobility Hungary Kft. (1062 Budapest, Andr&aacute;ssy &uacute;t 68. C. &eacute;p. 1. emelet 1.)<\/span><\/p>\n        <ul>\n            <li style=\"list-style-type:disc;font-size:11pt;font-family:'Courier New',monospace;\">\n                <p style=\"text-align: justify;\"><span style=\"font-size:11pt;font-family:Calibri,sans-serif;\">az adatfeldolgoz&aacute;s c&eacute;lja a sms &uuml;zenetek eljuttat&aacute;sa sz el&#x151;fizet&#x151; &uuml;gyfelei r&eacute;sz&eacute;re.<\/span><\/p>\n            <\/li>\n        <\/ul>\n    <\/li>\n    <li style=\"list-style-type:disc;font-size:11pt;font-family:'Noto Sans Symbols',sans-serif;\">\n        <p style=\"text-align: justify;\"><span style=\"font-size:11pt;font-family:Calibri,sans-serif;\">OTP Mobil Szolg&aacute;ltat&oacute; Kft (Sz&eacute;khely: 1143 Budapest, Hung&aacute;ria krt. 17-19)<\/span><\/p>\n        <ul>\n            <li style=\"list-style-type:disc;font-size:11pt;font-family:'Courier New',monospace;\">\n                <p style=\"text-align: justify;\"><span style=\"font-size:11pt;font-family:Calibri,sans-serif;\">az adatfeldolgoz&aacute;s c&eacute;lja az el&#x151;fizet&#x151;k befizet&eacute;seinek fogad&aacute;sa &eacute;s adminisztr&aacute;l&aacute;sa<\/span><\/p>\n            <\/li>\n        <\/ul>\n    <\/li>\n    <li style=\"list-style-type:disc;font-size:11pt;font-family:'Noto Sans Symbols',sans-serif;\">\n        <p style=\"text-align: justify;\"><span style=\"font-size:11pt;font-family:Calibri,sans-serif;\">ZENDESK GLOBAL (55 Charlemont Place, Saint Kevin&rsquo;s, Dublin, D02 F985 Ireland)<\/span><\/p>\n        <ul>\n            <li style=\"list-style-type:disc;font-size:11pt;font-family:'Courier New',monospace;\">\n                <p style=\"text-align: justify;\"><span style=\"font-size:11pt;font-family:Calibri,sans-serif;\">az adatfeldolgoz&aacute;s c&eacute;lja a az el&#x151;fizet&#x151;k k&eacute;rd&eacute;seik, panaszok, incidensek ebben a jegyrendszerben val&oacute; kezel&eacute;se.&nbsp;<\/span><\/p>\n            <\/li>\n        <\/ul>\n    <\/li>\n    <li style=\"list-style-type:disc;font-size:11pt;font-family:'Noto Sans Symbols',sans-serif;\">\n        <p style=\"text-align: justify;\"><span style=\"font-size:11pt;font-family:Calibri,sans-serif;\">Intercom Software Uk Limited. (Suite 1, 3Rd Floor 11 &#8211; 12 St. James&apos;s Square London SW1Y 4LB)<\/span><\/p>\n        <ul>\n            <li style=\"list-style-type:disc;font-size:11pt;font-family:'Courier New',monospace;\">\n                <p style=\"text-align: justify;\"><span style=\"font-size:11pt;font-family:Calibri,sans-serif;\">az adatfeldolgoz&aacute;s c&eacute;lja el&#x151;fizet&#x151; &eacute;s az ALTEGIO Hungary &uuml;gyf&eacute;lszolg&aacute;lat k&ouml;z&ouml;tti gyors kommunik&aacute;ci&oacute; lebonyol&iacute;t&aacute;sa &eacute;s el&#x151;fizet&#x151;k k&eacute;rd&eacute;seik, panaszok, incidensek ebben a jegyrendszerben val&oacute; kezel&eacute;se.<\/span><\/p>\n            <\/li>\n        <\/ul>\n    <\/li>\n<\/ul>\n<ol start=\"2\">\n    <li style=\"list-style-type:decimal;font-size:11pt;font-family:Calibri,sans-serif;\">\n        <p style=\"text-align: justify;\"><span style=\"font-size:11pt;font-family:Calibri,sans-serif;\">Az Al-adatfeldolgoz&oacute; ig&eacute;nybe v&eacute;tel&eacute;r&#x151;l &eacute;s szem&eacute;ly&eacute;r&#x151;l Szolg&aacute;ltat&oacute; az El&#x151;fizet&#x151;t el&#x151;zetesen t&aacute;j&eacute;koztatta &eacute;s az Al-adatfeldolgoz&oacute; ig&eacute;nybe v&eacute;tel&eacute;hez a El&#x151;fizet&#x151; jelen Meg&aacute;llapod&aacute;s al&aacute;&iacute;r&aacute;s&aacute;val a hozz&aacute;j&aacute;rul&aacute;s&aacute;t megadja.<\/span><\/p>\n    <\/li>\n<\/ol>\n<p><br><\/p>\n<ol start=\"3\">\n    <li style=\"list-style-type:decimal;font-size:11pt;font-family:Calibri,sans-serif;\">\n        <p style=\"text-align: justify;\"><span style=\"font-size:11pt;font-family:Calibri,sans-serif;\">Al-adatfeldolgoz&oacute; alkalmaz&aacute;sa eset&eacute;n a Szolg&aacute;ltat&oacute; k&ouml;teles biztos&iacute;tani, hogy az al-adatfeldolgoz&oacute; a jelen Meg&aacute;llapod&aacute;s vonatkoz&oacute; rendelkez&eacute;seit, a Szolg&aacute;ltat&oacute; vagy a Felhaszn&aacute;l&oacute;i Meg&aacute;llapod&aacute;s utas&iacute;t&aacute;sait betartsa. A Szolg&aacute;ltat&oacute; az al-adatfeldolgoz&oacute; &aacute;ltal v&eacute;gzett adatfeldolgoz&aacute;s&eacute;rt az El&#x151;fizet&#x151; fel&eacute; teljes felel&#x151;ss&eacute;ggel tartozik.<\/span><\/p>\n    <\/li>\n<\/ol>\n<p><br><\/p>\n<ol start=\"4\">\n    <li style=\"list-style-type:decimal;font-size:11pt;font-family:Calibri,sans-serif;\">\n        <p style=\"text-align: justify;\"><span style=\"font-size:11pt;font-family:Calibri,sans-serif;\">Szolg&aacute;ltat&oacute; k&ouml;teles t&aacute;j&eacute;koztatni az El&#x151;fizet&#x151;t, amennyiben az al-adatfeldolgoz&oacute; szem&eacute;ly&eacute;ben m&oacute;dos&iacute;t&aacute;st k&iacute;v&aacute;n tenni vagy tov&aacute;bbi Al-adatfeldolgoz&oacute;t k&iacute;v&aacute;n ig&eacute;nybe venni.<\/span><span style=\"font-size:10pt;font-family:'Times New Roman',serif;\">&nbsp;<\/span><span style=\"font-size:11pt;font-family:Calibri,sans-serif;\">Az El&#x151;fizet&#x151;, adott esetben, jogosult az ilyen v&aacute;ltoz&aacute;s ellen tiltakozni, felt&eacute;ve, hogy a tiltakoz&aacute;s &eacute;sszer&#x171; indokon alapul, mint p&eacute;ld&aacute;ul az adatv&eacute;delem hi&aacute;nya vagy a biztons&aacute;g.<\/span><\/p>\n    <\/li>\n<\/ol>\n<p><br><\/p>\n<ol start=\"6\">\n    <li style=\"list-style-type:decimal;font-size:11pt;font-family:Calibri,sans-serif;\">\n        <p style=\"text-align: justify;\"><strong><span style=\"font-size:11pt;font-family:Calibri,sans-serif;\">Titoktart&aacute;s<\/span><\/strong><\/p>\n    <\/li>\n<\/ol>\n<p><br><\/p>\n<ol>\n    <li style=\"list-style-type:decimal;font-size:11pt;font-family:Calibri,sans-serif;\">\n        <p style=\"text-align: justify;\"><span style=\"font-size:11pt;font-family:Calibri,sans-serif;\">A Felek ez&uacute;ton v&aacute;llalj&aacute;k, hogy sem a Meg&aacute;llapod&aacute;s hat&aacute;lya alatt, sem pedig azt k&ouml;vet&#x151;en nem tesznek harmadik szem&eacute;ly sz&aacute;m&aacute;ra hozz&aacute;f&eacute;rhet&#x151;v&eacute; semmilyen, a Meg&aacute;llapod&aacute;sra vonatkoz&oacute; inform&aacute;ci&oacute;t, tov&aacute;bb&aacute; semmilyen olyan inform&aacute;ci&oacute;t, melyhez a Felek a Meg&aacute;llapod&aacute;s eredm&eacute;nyek&eacute;ppen &ndash; ak&aacute;r &iacute;r&aacute;sban, ak&aacute;r sz&oacute;ban &#8211; jutottak hozz&aacute;, f&uuml;ggetlen&uuml;l annak form&aacute;j&aacute;t&oacute;l (a tov&aacute;bbiakban: Bizalmas Inform&aacute;ci&oacute;). A Felek meg&aacute;llapodnak abban &eacute;s elismerik azt, hogy a Bizalmas Inform&aacute;ci&oacute;t kiz&aacute;r&oacute;lag a Meg&aacute;llapod&aacute;sb&oacute;l fakad&oacute; k&ouml;telezetts&eacute;gek teljes&iacute;t&eacute;se c&eacute;lj&aacute;ra haszn&aacute;lhatj&aacute;k fel, &eacute;s nem haszn&aacute;lhatj&aacute;k azt fel semmilyen m&aacute;s c&eacute;lra. A fogad&oacute; F&eacute;l v&aacute;llalja tov&aacute;bb&aacute;, hogy a Bizalmas Inform&aacute;ci&oacute; hozz&aacute;f&eacute;rhet&#x151;v&eacute; t&eacute;tel&eacute;nek elker&uuml;l&eacute;se &eacute;rdek&eacute;ben, vagy felhaszn&aacute;l&aacute;sa sor&aacute;n ugyanolyan gondoss&aacute;ggal (mely nem lehet kisebb, mint a t&#x151;le elv&aacute;rhat&oacute; gondoss&aacute;g) j&aacute;r el, mint ahogyan azt a saj&aacute;t bizalmas &eacute;s\/vagy v&eacute;dett inform&aacute;ci&oacute;ja eset&eacute;n teszi, tov&aacute;bb&aacute; v&aacute;llalja, hogy ezt a k&ouml;telezetts&eacute;get a vezet&#x151;ivel, alkalmazottaival, adatfeldolgoz&oacute;ival, al-adatfeldolgoz&oacute;ival is betartatja, akiknek titoktart&aacute;si k&ouml;telezetts&eacute;g&eacute;&eacute;rt a Feleket k&aacute;rt&eacute;r&iacute;t&eacute;si felel&#x151;ss&eacute;g terheli.<\/span><\/p>\n    <\/li>\n<\/ol>\n<p><br><\/p>\n<ol start=\"2\">\n    <li style=\"list-style-type:decimal;font-size:11pt;font-family:Calibri,sans-serif;\">\n        <p style=\"text-align: justify;\"><span style=\"font-size:11pt;font-family:Calibri,sans-serif;\">A titoktart&aacute;si k&ouml;telezetts&eacute;g a Meg&aacute;llapod&aacute;s fenn&aacute;ll&aacute;sa alatt &eacute;s azt k&ouml;vet&#x151;en is id&#x151;korl&aacute;t n&eacute;lk&uuml;l fenn&aacute;ll.<\/span><\/p>\n    <\/li>\n<\/ol>\n<p><br><\/p>\n<ol start=\"3\">\n    <li style=\"list-style-type:decimal;font-size:11pt;font-family:Calibri,sans-serif;\">\n        <p style=\"text-align: justify;\"><span style=\"font-size:11pt;font-family:Calibri,sans-serif;\">Jelen Meg&aacute;llapod&aacute;s b&aacute;rmely okb&oacute;l t&ouml;rt&eacute;n&#x151; megsz&#x171;n&eacute;s&eacute;t k&ouml;vet&#x151;en Szolg&aacute;ltat&oacute; minden El&#x151;fizet&#x151;vel, illetve a megb&iacute;z&aacute;ssal kapcsolatos iratot, dokumentumot &aacute;tad az El&#x151;fizet&#x151;nek.<\/span><\/p>\n    <\/li>\n<\/ol>\n<p><br><\/p>\n<ol start=\"4\">\n    <li style=\"list-style-type:decimal;font-size:11pt;font-family:Calibri,sans-serif;\">\n        <p style=\"text-align: justify;\"><span style=\"font-size:11pt;font-family:Calibri,sans-serif;\">A titoktart&aacute;si k&ouml;telezetts&eacute;get bizony&iacute;tottan &eacute;s felr&oacute;hat&oacute;an megszeg&#x151; F&eacute;l k&ouml;teles megt&eacute;r&iacute;teni a m&aacute;sik Felet ennek kapcs&aacute;n &eacute;rt &ouml;sszes k&aacute;rt.<\/span><\/p>\n    <\/li>\n<\/ol>\n<p><br><\/p>\n<ol start=\"7\">\n    <li style=\"list-style-type:decimal;font-size:11pt;font-family:Calibri,sans-serif;\">\n        <p style=\"text-align: justify;\"><strong><span style=\"font-size:11pt;font-family:Calibri,sans-serif;\">Vis maior<\/span><\/strong><\/p>\n    <\/li>\n<\/ol>\n<p><br><\/p>\n<ol>\n    <li style=\"list-style-type:decimal;font-size:11pt;font-family:Calibri,sans-serif;\">\n        <p style=\"text-align: justify;\"><span style=\"font-size:11pt;font-family:Calibri,sans-serif;\">A Felek mentes&uuml;lnek a Meg&aacute;llapod&aacute;s alapj&aacute;n &#x151;ket terhel&#x151; k&ouml;telezetts&eacute;gek teljes&iacute;t&eacute;s&eacute;nek r&eacute;szleges, vagy teljes elmulaszt&aacute;sa miatti felel&#x151;ss&eacute;g al&oacute;l, amennyiben azok vis maior k&ouml;vetkezm&eacute;nyek&eacute;nt &aacute;llnak el&#x151;. A vis maior fogalomk&ouml;r&eacute;be tartoznak mindazok az esem&eacute;nyek, amelyek a Felhaszn&aacute;l&oacute;i Meg&aacute;llapod&aacute;s al&aacute;&iacute;r&aacute;s&aacute;t k&ouml;vet&#x151;en mer&uuml;lnek fel, &eacute;s amelyek olyan rendk&iacute;v&uuml;li term&eacute;szet&#x171; esem&eacute;nyek, hogy azok bek&ouml;vetkezt&eacute;t a felek nem l&aacute;thatt&aacute;k el&#x151;re, illetve nem ker&uuml;lhett&eacute;k el semmilyen &eacute;sszer&#x171; int&eacute;zked&eacute;ssel. Ezen rendk&iacute;v&uuml;li esem&eacute;nyek k&ouml;r&eacute;be tartoznak k&uuml;l&ouml;n&ouml;sen: az &aacute;rv&iacute;z, a t&#x171;z, a f&ouml;ldreng&eacute;s, vagy m&aacute;s term&eacute;szeti csap&aacute;s, tov&aacute;bb&aacute; a j&aacute;rv&aacute;nyok (emberi, &aacute;llati), a h&aacute;bor&uacute;, a katonai cselekm&eacute;nyek, terrorcselekm&eacute;nyek, hat&oacute;s&aacute;gok aktusai vagy cselekm&eacute;nyei, sz&aacute;m&iacute;t&oacute;g&eacute;pes hacker-t&aacute;mad&aacute;s, rendszer&ouml;sszeoml&aacute;s, sz&aacute;m&iacute;t&oacute;g&eacute;pes v&iacute;rus &eacute;s b&aacute;rmely m&aacute;s a felek elv&aacute;rhat&oacute; befoly&aacute;si k&ouml;r&eacute;n k&iacute;v&uuml;l es&#x151; k&ouml;r&uuml;lm&eacute;ny. Ilyen jelleg&#x171; esem&eacute;ny be&aacute;lltakor, az &eacute;rintett f&eacute;l, a tudom&aacute;sszerz&eacute;st k&ouml;vet&#x151;en halad&eacute;ktalanul k&ouml;teles &iacute;r&aacute;sban &eacute;rtes&iacute;teni a m&aacute;sik felet a vis maior term&eacute;szet&eacute;r&#x151;l, m&eacute;rt&eacute;k&eacute;r&#x151;l &eacute;s v&aacute;rhat&oacute; id&#x151;tartam&aacute;r&oacute;l, tov&aacute;bb&aacute; k&ouml;teles minden, t&#x151;le &aacute;ltal&aacute;ban elv&aacute;rhat&oacute;t megtenni a vis maiorb&oacute;l sz&aacute;rmaz&oacute; k&aacute;rok enyh&iacute;t&eacute;se &eacute;rdek&eacute;ben.&nbsp;<\/span><span style=\"font-size:11pt;font-family:Calibri,sans-serif;\">&nbsp;<\/span><span style=\"font-size:11pt;font-family:Calibri,sans-serif;\">A kiz&aacute;r&oacute;lag vis maior miatt felmer&uuml;l&#x151; plusz k&ouml;lts&eacute;gek a m&aacute;sik f&eacute;lre &aacute;t nem terhelhet&#x151;ek.<\/span><\/p>\n    <\/li>\n<\/ol>\n<p><br><\/p>\n<ol start=\"8\">\n    <li style=\"list-style-type:decimal;font-size:11pt;font-family:Calibri,sans-serif;\">\n        <p style=\"text-align: justify;\"><strong><span style=\"font-size:11pt;font-family:Calibri,sans-serif;\">A Meg&aacute;llapod&aacute;s megsz&#x171;n&eacute;se<\/span><\/strong><\/p>\n    <\/li>\n<\/ol>\n<p><br><\/p>\n<ol>\n    <li style=\"list-style-type:decimal;font-size:11pt;font-family:Calibri,sans-serif;\">\n        <p style=\"text-align: justify;\"><span style=\"font-size:11pt;font-family:Calibri,sans-serif;\">A Felhaszn&aacute;l&oacute;i Meg&aacute;llapod&aacute;s megsz&uuml;ntet&eacute;se eset&eacute;n a Meg&aacute;llapod&aacute;s, a Felhaszn&aacute;l&oacute;i Meg&aacute;llapod&aacute;s felt&eacute;teleivel &ouml;sszhangban, automatikusan megsz&#x171;nik.<\/span><\/p>\n    <\/li>\n<\/ol>\n<p><br><\/p>\n<ol start=\"2\">\n    <li style=\"list-style-type:decimal;font-size:11pt;font-family:Calibri,sans-serif;\">\n        <p style=\"text-align: justify;\"><span style=\"font-size:11pt;font-family:Calibri,sans-serif;\">Amennyiben a Szolg&aacute;ltat&oacute; az El&#x151;fizet&#x151; &eacute;rdek&eacute;ben v&eacute;gzett adatfeldolgoz&aacute;st megsz&uuml;nteti, a Szolg&aacute;ltat&oacute; k&ouml;teles az El&#x151;fizet&#x151; &iacute;r&aacute;sbeli utas&iacute;t&aacute;s&aacute;nak megfelel&#x151;en az El&#x151;fizet&#x151; valamennyi szem&eacute;lyes adat&aacute;t az El&#x151;fizet&#x151;nek visszajuttatni &eacute;s a megl&eacute;v&#x151; m&aacute;solatokat t&ouml;r&ouml;lni vagy a jelen Meg&aacute;llapod&aacute;shoz kapcsol&oacute;d&oacute; valamennyi szem&eacute;lyes adatot megsemmis&iacute;teni.<\/span><\/p>\n    <\/li>\n<\/ol>\n<p><br><\/p>\n<ol start=\"9\">\n    <li style=\"list-style-type:decimal;font-size:11pt;font-family:Calibri,sans-serif;\">\n        <p style=\"text-align: justify;\"><strong><span style=\"font-size:11pt;font-family:Calibri,sans-serif;\">Z&aacute;r&oacute; rendelkez&eacute;sek<\/span><\/strong><\/p>\n    <\/li>\n<\/ol>\n<p><br><\/p>\n<ol>\n    <li style=\"list-style-type:decimal;font-size:11pt;font-family:Calibri,sans-serif;\">\n        <p style=\"text-align: justify;\"><span style=\"font-size:11pt;font-family:Calibri,sans-serif;\">A Meg&aacute;llapod&aacute;s m&oacute;dos&iacute;t&aacute;sa, kieg&eacute;sz&iacute;t&eacute;se csak &iacute;r&aacute;sos form&aacute;ban, Felek c&eacute;gszer&#x171; al&aacute;&iacute;r&aacute;s&aacute;val t&ouml;rt&eacute;nhet.<\/span><\/p>\n    <\/li>\n<\/ol>\n<p><br><\/p>\n<ol start=\"2\">\n    <li style=\"list-style-type:decimal;font-size:11pt;font-family:Calibri,sans-serif;\">\n        <p style=\"text-align: justify;\"><span style=\"font-size:11pt;font-family:Calibri,sans-serif;\">Amennyiben a Meg&aacute;llapod&aacute;s b&aacute;rmely rendelkez&eacute;se &eacute;rv&eacute;nytelen, vagy a j&ouml;v&#x151;ben azz&aacute; v&aacute;lna, &uacute;gy az nem &eacute;rinti a Meg&aacute;llapod&aacute;s egy&eacute;b pontjainak &eacute;rv&eacute;nyess&eacute;g&eacute;t. Az &eacute;rv&eacute;nytelen rendelkez&eacute;s hely&eacute;re egy olyan rendelkez&eacute;snek kell ker&uuml;lnie, amely a jogi lehet&#x151;s&eacute;gek keret&eacute;ben a Felek akarat&aacute;hoz legk&ouml;zelebb esik.<\/span><\/p>\n    <\/li>\n<\/ol>\n<p><br><\/p>\n<ol start=\"3\">\n    <li style=\"list-style-type:decimal;font-size:11pt;font-family:Calibri,sans-serif;\">\n        <p style=\"text-align: justify;\"><span style=\"font-size:11pt;font-family:Calibri,sans-serif;\">Amennyiben a Felek b&aacute;rmelyike egy vagy t&ouml;bb esetben nem, vagy csak k&eacute;sedelmesen tiltakozik a jelen Meg&aacute;llapod&aacute;s valamely pontj&aacute;nak megszeg&eacute;se miatt, illetve a jelen Meg&aacute;llapod&aacute;s biztos&iacute;tott b&aacute;rmely jogosults&aacute;g &eacute;rv&eacute;nyes&iacute;t&eacute;s&eacute;r&#x151;l egy vagy t&ouml;bb esetben lemond, vagy azt csak k&eacute;sedelmesen, vagy egy&aacute;ltal&aacute;n nem &eacute;rv&eacute;nyes&iacute;ti, ez nem tekinthet&#x151; a t&ouml;bbi jogosults&aacute;g &eacute;rv&eacute;nyes&iacute;t&eacute;s&eacute;r&#x151;l val&oacute; lemond&aacute;snak, vagy a szerz&#x151;d&eacute;sszeg&eacute;sb&#x151;l, illetve b&aacute;rminem&#x171; k&eacute;s&#x151;bbi szerz&#x151;d&eacute;sszeg&eacute;sb&#x151;l ered&#x151; ig&eacute;ny &eacute;rv&eacute;nyes&iacute;t&eacute;s&eacute;r&#x151;l val&oacute; lemond&aacute;snak.<\/span><\/p>\n    <\/li>\n<\/ol>\n<p><br><\/p>\n<ol start=\"4\">\n    <li style=\"list-style-type:decimal;font-size:11pt;font-family:Calibri,sans-serif;\">\n        <p style=\"text-align: justify;\"><span style=\"font-size:11pt;font-family:Calibri,sans-serif;\">A Felek v&aacute;llalj&aacute;k, hogy a jelen Meg&aacute;llapod&aacute;s teljes&iacute;t&eacute;se sor&aacute;n, illetve az ezzel kapcsolatban &aacute;ltaluk megk&ouml;t&ouml;tt szerz&#x151;d&eacute;ses jogviszonyokban minden t&#x151;l&uuml;k elv&aacute;rhat&oacute;t megtesznek annak &eacute;rdek&eacute;ben, hogy a m&aacute;sik f&eacute;l &uuml;zleti j&oacute; h&iacute;rneve ne s&eacute;r&uuml;lj&ouml;n, &eacute;s c&eacute;gneve ne szerepeljen j&oacute; erk&ouml;lcsbe &uuml;tk&ouml;z&#x151;, &iacute;zl&eacute;stelen, s&eacute;rt&#x151; vagy b&aacute;rmely, a m&aacute;sik f&eacute;lre vagy b&aacute;rmely k&ouml;zvetett vagy k&ouml;zvetlen tulajdonos&aacute;ra h&aacute;tr&aacute;nyos m&oacute;don vagy &ouml;sszef&uuml;gg&eacute;sben.<\/span><\/p>\n    <\/li>\n<\/ol>\n<p><br><\/p>\n<ol start=\"5\">\n    <li style=\"list-style-type:decimal;font-size:11pt;font-family:Calibri,sans-serif;\">\n        <p style=\"text-align: justify;\"><span style=\"font-size:11pt;font-family:Calibri,sans-serif;\">A Meg&aacute;llapod&aacute;s nyelve a magyar. A Meg&aacute;llapod&aacute;sban nem &eacute;rintett k&eacute;rd&eacute;sek tekintet&eacute;ben a Felhaszn&aacute;l&oacute;i Meg&aacute;llapod&aacute;s, a Polg&aacute;ri t&ouml;rv&eacute;nyk&ouml;nyvr&#x151;l sz&oacute;l&oacute; 2013. &eacute;vi V. t&ouml;rv&eacute;ny, a GDPR, valamint a szem&eacute;lyes adatok kezel&eacute;s&eacute;vel kapcsolatos egy&eacute;b jogszab&aacute;lyok vonatkoz&oacute; rendelkez&eacute;seit tekintik ir&aacute;nyad&oacute;nak.<\/span><\/p>\n    <\/li>\n<\/ol>\n<p><br><\/p>\n<ol start=\"6\">\n    <li style=\"list-style-type:decimal;font-size:11pt;font-family:Calibri,sans-serif;\">\n        <p style=\"text-align: justify;\"><span style=\"font-size:11pt;font-family:Calibri,sans-serif;\">Felek a Meg&aacute;llapod&aacute;sb&oacute;l ered&#x151; vit&aacute;ik eset&eacute;n igyekeznek a felmer&uuml;lt probl&eacute;m&aacute;kat t&aacute;rgyal&aacute;sos &uacute;ton megoldani. Abban az esetben, ha ez nem vezet eredm&eacute;nyre, &eacute;rt&eacute;khat&aacute;rt&oacute;l f&uuml;gg&#x151;en al&aacute;vetik magukat a Polg&aacute;ri perrendtart&aacute;sr&oacute;l sz&oacute;l&oacute; 2016. &eacute;vi CXXX. t&ouml;rv&eacute;ny &aacute;ltal&aacute;nos szab&aacute;lyai szerint illet&eacute;kes b&iacute;r&oacute;s&aacute;g kiz&aacute;r&oacute;lagos illet&eacute;kess&eacute;g&eacute;nek.<\/span><\/p>\n    <\/li>\n<\/ol>\n<p><br><\/p>\n<ol start=\"7\">\n    <li style=\"list-style-type:decimal;font-size:11pt;font-family:Calibri,sans-serif;\">\n        <p style=\"text-align: justify;\"><span style=\"font-size:11pt;font-family:Calibri,sans-serif;\">Feleket k&eacute;pvisel&#x151; szem&eacute;lyek anyagi &eacute;s b&uuml;ntet&#x151;jogi felel&#x151;ss&eacute;g&uuml;k tudat&aacute;ban kijelentik, hogy a Meg&aacute;llapod&aacute;s megk&ouml;t&eacute;s&eacute;vel kapcsolatosan k&eacute;pviseleti jogosults&aacute;guk semmiben sem korl&aacute;tozott.&nbsp;<\/span><\/p>\n    <\/li>\n<\/ol>\n<p><br><\/p>\n<p><br><\/p>\n<p><br><\/p>\n<p style=\"text-align: justify;\"><strong><span style=\"font-size:11pt;font-family:Calibri,sans-serif;\">Budapest, 2025<\/span><\/strong><\/p>\n<p><br><\/p>\n<p><br><\/p>\n<p><br><\/p>\n<div align=\"center\">\n    <table style=\"border: none; border-collapse: collapse; width: 100%;\">\n        <tbody>\n            <tr>\n                <td><br><\/td>\n                <td><br><\/td>\n            <\/tr>\n            <tr>\n                <td><br><\/td>\n                <td><br><\/td>\n            <\/tr>\n            <tr>\n                <td><br><\/td>\n                <td><br><\/td>\n            <\/tr>\n        <\/tbody>\n    <\/table>\n<\/div>\n<p><br><\/p>\n<ol>\n    <li style=\"list-style-type:decimal;font-size:11pt;font-family:Calibri,sans-serif;\">\n        <p style=\"text-align: right;\"><span style=\"font-size:11pt;font-family:Calibri,sans-serif;\">sz&aacute;m&uacute; mell&eacute;klet<\/span><\/p>\n    <\/li>\n<\/ol>\n<p><br><\/p>\n<p style=\"text-align: center;\"><strong><span style=\"font-size:11pt;font-family:Calibri,sans-serif;\">A Szolg&aacute;ltat&oacute; &aacute;ltal v&eacute;gzett adatfeldolgoz&aacute;si tev&eacute;kenys&eacute;gre vonatkoz&oacute; k&ouml;r&uuml;lm&eacute;nyek<\/span><\/strong><\/p>\n<p><br><\/p>\n<ul>\n    <li style=\"list-style-type:disc;font-size:11pt;font-family:'Courier New',monospace;\">\n        <p style=\"text-align: justify;\"><u><span style=\"font-size:11pt;font-family:Calibri,sans-serif;\">adatfeldolgoz&aacute;si tev&eacute;kenys&eacute;g pontos meghat&aacute;roz&aacute;sa:<\/span><\/u><\/p>\n    <\/li>\n<\/ul>\n<p><br><\/p>\n<ul>\n    <li style=\"list-style-type:disc;font-size:11pt;font-family:'Noto Sans Symbols',sans-serif;\">\n        <p style=\"text-align: justify;\"><span style=\"font-size:11pt;font-family:Calibri,sans-serif;\">online id&#x151;pontfoglal&oacute; rendszer &uuml;zemeltet&eacute;se<\/span><\/p>\n    <\/li>\n<\/ul>\n<p><br><\/p>\n<ul>\n    <li style=\"list-style-type:disc;font-size:11pt;font-family:'Courier New',monospace;\">\n        <p style=\"text-align: justify;\"><u><span style=\"font-size:11pt;font-family:Calibri,sans-serif;\">adatfeldolgoz&aacute;s jellege &eacute;s c&eacute;lja:<\/span><\/u><\/p>\n    <\/li>\n<\/ul>\n<p><br><\/p>\n<ul>\n    <li style=\"list-style-type:disc;font-size:11pt;font-family:'Noto Sans Symbols',sans-serif;\">\n        <p style=\"text-align: justify;\"><span style=\"font-size:11pt;font-family:Calibri,sans-serif;\">online id&#x151;pontfoglal&oacute; rendszerben t&ouml;rt&eacute;n&#x151; regisztr&aacute;ci&oacute; biztos&iacute;t&aacute;sa<\/span><\/p>\n    <\/li>\n    <li style=\"list-style-type:disc;font-size:11pt;font-family:'Noto Sans Symbols',sans-serif;\">\n        <p style=\"text-align: justify;\"><span style=\"font-size:11pt;font-family:Calibri,sans-serif;\">felhaszn&aacute;l&oacute;i profil l&eacute;trehoz&aacute;sa, &uuml;zemeltet&eacute;se<\/span><\/p>\n    <\/li>\n    <li style=\"list-style-type:disc;font-size:11pt;font-family:'Noto Sans Symbols',sans-serif;\">\n        <p style=\"text-align: justify;\"><span style=\"font-size:11pt;font-family:Calibri,sans-serif;\">t&aacute;rolt adatok t&ouml;rl&eacute;se, m&oacute;dos&iacute;t&aacute;sa<\/span><\/p>\n    <\/li>\n<\/ul>\n<p><br><\/p>\n<ul>\n    <li style=\"list-style-type:disc;font-size:11pt;font-family:'Courier New',monospace;\">\n        <p style=\"text-align: justify;\"><u><span style=\"font-size:11pt;font-family:Calibri,sans-serif;\">adatfeldolgoz&aacute;ssal &eacute;rintett szem&eacute;lyes adatok t&iacute;pusai<\/span><\/u><\/p>\n    <\/li>\n<\/ul>\n<p><br><\/p>\n<ul>\n    <li style=\"list-style-type:disc;font-size:11pt;font-family:'Noto Sans Symbols',sans-serif;\">\n        <p style=\"text-align: justify;\"><span style=\"font-size:11pt;font-family:Calibri,sans-serif;\">azonos&iacute;t&aacute;si adatok,&nbsp;<\/span><\/p>\n    <\/li>\n    <li style=\"list-style-type:disc;font-size:11pt;font-family:'Noto Sans Symbols',sans-serif;\">\n        <p style=\"text-align: justify;\"><span style=\"font-size:11pt;font-family:Calibri,sans-serif;\">el&eacute;rhet&#x151;s&eacute;gek,&nbsp;<\/span><\/p>\n    <\/li>\n    <li style=\"list-style-type:disc;font-size:11pt;font-family:'Noto Sans Symbols',sans-serif;\">\n        <p style=\"text-align: justify;\"><span style=\"font-size:11pt;font-family:Calibri,sans-serif;\">id&#x151;pontfoglal&aacute;ssal kapcsolatos inform&aacute;ci&oacute;k<\/span><\/p>\n    <\/li>\n    <li style=\"list-style-type:disc;font-size:11pt;font-family:'Noto Sans Symbols',sans-serif;\">\n        <p style=\"text-align: justify;\"><span style=\"font-size:11pt;font-family:Calibri,sans-serif;\">b&eacute;rletek, kuponok, illetve szolg&aacute;ltat&aacute;ssal kapcsolatos adatok<\/span><\/p>\n    <\/li>\n<\/ul>\n<p><br><\/p>\n<ul>\n    <li style=\"list-style-type:disc;font-size:11pt;font-family:'Courier New',monospace;\">\n        <p style=\"text-align: justify;\"><u><span style=\"font-size:11pt;font-family:Calibri,sans-serif;\">adatfeldolgoz&aacute;ssal &eacute;rintett szem&eacute;lyek kateg&oacute;ri&aacute;i<\/span><\/u><\/p>\n    <\/li>\n<\/ul>\n<p><br><\/p>\n<ul>\n    <li style=\"list-style-type:disc;font-size:11pt;font-family:'Noto Sans Symbols',sans-serif;\">\n        <p style=\"text-align: justify;\"><span style=\"font-size:11pt;font-family:Calibri,sans-serif;\">El&#x151;fizet&#x151; id&#x151;pontfoglal&oacute; szolg&aacute;ltat&aacute;s&aacute;t ig&eacute;nybe vev&#x151; felhaszn&aacute;l&oacute;k<\/span><\/p>\n    <\/li>\n<\/ul>\n<p style=\"text-align: justify;\"><span style=\"font-size:11pt;font-family:Calibri,sans-serif;\">&nbsp;<\/span><\/p>\n<ul>\n    <li style=\"list-style-type:disc;font-size:11pt;font-family:'Courier New',monospace;\">\n        <p style=\"text-align: justify;\"><u><span style=\"font-size:11pt;font-family:Calibri,sans-serif;\">adatfeldolgoz&aacute;s pontos id&#x151;tartama<\/span><\/u><\/p>\n    <\/li>\n<\/ul>\n<p><br><\/p>\n<ul>\n    <li style=\"list-style-type:disc;font-size:11pt;font-family:'Noto Sans Symbols',sans-serif;\">\n        <p style=\"text-align: justify;\"><span style=\"font-size:11pt;font-family:Calibri,sans-serif;\">a Felhaszn&aacute;l&oacute;i Meg&aacute;llapod&aacute;s hat&aacute;lya alatt;<\/span><\/p>\n    <\/li>\n    <li style=\"list-style-type:disc;font-size:11pt;font-family:'Noto Sans Symbols',sans-serif;\">\n        <p style=\"text-align: justify;\"><span style=\"font-size:11pt;font-family:Calibri,sans-serif;\">az egyes feldolgozott szem&eacute;lyes adatok tekintet&eacute;ben: a El&#x151;fizet&#x151; bels&#x151; adatv&eacute;delmi szab&aacute;lyzat&aacute;ban meghat&aacute;rozott ideig, &iacute;gy k&uuml;l&ouml;n&ouml;sen a felhaszn&aacute;l&oacute; hozz&aacute;j&aacute;rul&aacute;s&aacute;nak visszavon&aacute;s&aacute;ig vagy t&ouml;rl&eacute;si k&eacute;relm&eacute;ig<\/span><\/p>\n    <\/li>\n<\/ul>\n<p><br><\/p>\n<p><br><\/p>\n<p><br><\/p>\n<p><br><\/p>\n<p><br><\/p>\n<ol start=\"2\">\n    <li style=\"list-style-type:decimal;font-size:11pt;font-family:Calibri,sans-serif;\">\n        <p style=\"text-align: right;\"><span style=\"font-size:11pt;font-family:Calibri,sans-serif;\">sz&aacute;m&uacute; mell&eacute;klet<\/span><\/p>\n    <\/li>\n<\/ol>\n<p><br><\/p>\n<p><br><\/p>\n<p style=\"text-align: center;\"><span style=\"font-size:11pt;font-family:Calibri,sans-serif;\">Adatbiztons&aacute;gi int&eacute;zked&eacute;sek<\/span><\/p>\n<p><br><\/p>\n<p style=\"text-align: justify;\"><span style=\"font-size:11pt;font-family:Calibri,sans-serif;\">Tekintettel arra, hogy a ALTEGIO rendszer &uuml;zemeltet&eacute;s&eacute;vel kapcsolatos technikai feladatokat a Szolg&aacute;ltat&oacute; &aacute;ltal megb&iacute;zott Al-adatfeldolgoz&oacute;, a Altegio Limited v&eacute;gzi, &iacute;gy a jelen mell&eacute;kletben meghat&aacute;rozott int&eacute;zked&eacute;seket ezen t&aacute;rsas&aacute;g v&aacute;llalja &eacute;s teljes&iacute;ti.<\/span><\/p>\n<p><br><\/p>\n<ul>\n    <li style=\"list-style-type:disc;font-size:11pt;font-family:'Noto Sans Symbols',sans-serif;\">\n        <p style=\"text-align: justify;\"><span style=\"font-size:11pt;font-family:Calibri,sans-serif;\">Fizikai t&aacute;rol&aacute;s biztons&aacute;ga:<\/span><\/p>\n    <\/li>\n    <li style=\"list-style-type:disc;font-size:11pt;font-family:'Courier New',monospace;\">\n        <p style=\"text-align: justify;\"><span style=\"font-size:11pt;font-family:Calibri,sans-serif;\">szervereink Eur&oacute;pa-szerte k&uuml;l&ouml;nb&ouml;z&#x151; adatk&ouml;zpontok tal&aacute;lhat&oacute;k: N&eacute;metorsz&aacute;g, Hollandia, Finnorsz&aacute;g, Oroszorsz&aacute;g<\/span><\/p>\n    <\/li>\n    <li style=\"list-style-type:disc;font-size:11pt;font-family:'Courier New',monospace;\">\n        <p style=\"text-align: justify;\"><span style=\"font-size:11pt;font-family:Calibri,sans-serif;\">egy DC szolg&aacute;ltat&oacute; eur&oacute;pai &uuml;gyfelek sz&aacute;m&aacute;ra N&eacute;metorsz&aacute;gban:&nbsp;<\/span><a href=\"https:\/\/www.hetzner.de\/\"><u><span \">https:\/\/www.hetzner.de\/<\/span><\/u><\/a><\/p>\n    <\/li>\n<\/ul>\n<p><br><\/p>\n<ul>\n    <li style=\"list-style-type:disc;font-size:11pt;font-family:'Noto Sans Symbols',sans-serif;\">\n        <p style=\"text-align: justify;\"><span style=\"font-size:11pt;font-family:Calibri,sans-serif;\">Fizikai bel&eacute;p&eacute;s ellen&#x151;rz&eacute;se:<\/span><\/p>\n        <ul>\n            <li style=\"list-style-type:disc;font-size:11pt;font-family:'Courier New',monospace;\">\n                <p style=\"text-align: justify;\"><span style=\"font-size:11pt;font-family:Calibri,sans-serif;\">&eacute;p&uuml;leteibe val&oacute; bejut&aacute;st bel&eacute;p&eacute;si el&#x151;&iacute;r&aacute;s szab&aacute;lyozza<\/span><\/p>\n            <\/li>\n            <li style=\"list-style-type:disc;font-size:11pt;font-family:'Courier New',monospace;\">\n                <p style=\"text-align: justify;\"><span style=\"font-size:11pt;font-family:Calibri,sans-serif;\">korl&aacute;tozott sz&aacute;m&uacute; bel&eacute;p&eacute;s<\/span><\/p>\n            <\/li>\n            <li style=\"list-style-type:disc;font-size:11pt;font-family:'Courier New',monospace;\">\n                <p style=\"text-align: justify;\"><span style=\"font-size:11pt;font-family:Calibri,sans-serif;\">helysz&iacute;ni vagyonbiztons&aacute;gi szolg&aacute;lat<\/span><\/p>\n            <\/li>\n            <li style=\"list-style-type:disc;font-size:11pt;font-family:'Courier New',monospace;\">\n                <p style=\"text-align: justify;\"><span style=\"font-size:11pt;font-family:Calibri,sans-serif;\">k&aacute;rty&aacute;s, biometrikus vagy hasonl&oacute; bel&eacute;p&eacute;si k&ouml;vetelm&eacute;nyek<\/span><\/p>\n            <\/li>\n            <li style=\"list-style-type:disc;font-size:11pt;font-family:'Courier New',monospace;\">\n                <p style=\"text-align: justify;\"><span style=\"font-size:11pt;font-family:Calibri,sans-serif;\">ID-badge rendszer minden dolgoz&oacute;nak &eacute;s l&aacute;togat&oacute;nak<\/span><\/p>\n            <\/li>\n            <li style=\"list-style-type:disc;font-size:11pt;font-family:'Courier New',monospace;\">\n                <p style=\"text-align: justify;\"><span style=\"font-size:11pt;font-family:Calibri,sans-serif;\">vide&oacute; megfigyel&#x151; &eacute;s mozg&aacute;s&eacute;rz&eacute;kel&#x151;k a bej&aacute;ratokn&aacute;l, bels&#x151; ajt&oacute;kn&aacute;l, IT helyis&eacute;gekn&eacute;l &eacute;s az &eacute;p&uuml;leten bel&uuml;li kritikus pontokn&aacute;l<\/span><\/p>\n            <\/li>\n        <\/ul>\n    <\/li>\n<\/ul>\n<p><br><\/p>\n<ul>\n    <li style=\"list-style-type:disc;font-size:11pt;font-family:'Noto Sans Symbols',sans-serif;\">\n        <p style=\"text-align: justify;\"><span style=\"font-size:11pt;font-family:Calibri,sans-serif;\">Titkos&iacute;t&aacute;s, h&aacute;l&oacute;zati v&eacute;delem:<\/span><\/p>\n        <ul>\n            <li style=\"list-style-type:disc;font-size:11pt;font-family:'Courier New',monospace;\">\n                <p style=\"text-align: justify;\"><span style=\"font-size:11pt;font-family:Calibri,sans-serif;\">k&uuml;l&ouml;nf&eacute;le 256 bites titkos&iacute;t&aacute;si technol&oacute;gi&aacute;kat kever&uuml;nk az &uuml;gyf&eacute;ladatb&aacute;zis v&eacute;delm&eacute;re<\/span><\/p>\n            <\/li>\n            <li style=\"list-style-type:disc;font-size:11pt;font-family:'Courier New',monospace;\">\n                <p style=\"text-align: justify;\"><span style=\"font-size:11pt;font-family:Calibri,sans-serif;\">a munkat&aacute;rsak nem futtathatnak tiltott vagy illeg&aacute;lis programokat; tilos adathal&aacute;sz vagy felt&ouml;r&#x151;\/hackel&#x151; programok haszn&aacute;lata<\/span><\/p>\n            <\/li>\n            <li style=\"list-style-type:disc;font-size:11pt;font-family:'Courier New',monospace;\">\n                <p style=\"text-align: justify;\"><span style=\"font-size:11pt;font-family:Calibri,sans-serif;\">dokument&aacute;lt felhaszn&aacute;l&oacute;i felel&#x151;ss&eacute;g a biztons&aacute;ggal kapcsolatban a v&aacute;llalati szab&aacute;lyzatokban<\/span><\/p>\n            <\/li>\n            <li style=\"list-style-type:disc;font-size:11pt;font-family:'Courier New',monospace;\">\n                <p style=\"text-align: justify;\"><span style=\"font-size:11pt;font-family:Calibri,sans-serif;\">rendszeres adatbiztons&aacute;gi oktat&aacute;s<\/span><\/p>\n            <\/li>\n            <li style=\"list-style-type:disc;font-size:11pt;font-family:'Courier New',monospace;\">\n                <p style=\"text-align: justify;\"><span style=\"font-size:11pt;font-family:Calibri,sans-serif;\">a h&aacute;l&oacute;zati biztons&aacute;gi infrastrukt&uacute;ra ki&eacute;p&iacute;t&eacute;se:<\/span><\/p>\n                <ul>\n                    <li style=\"list-style-type:disc;font-size:11pt;font-family:'Noto Sans Symbols',sans-serif;\">\n                        <p style=\"text-align: justify;\"><span style=\"font-size:11pt;font-family:Calibri,sans-serif;\">K&uuml;ls&#x151; v&eacute;delem (t&#x171;zfalak, sz&#x171;r&#x151; router)<\/span><\/p>\n                    <\/li>\n                    <li style=\"list-style-type:disc;font-size:11pt;font-family:'Noto Sans Symbols',sans-serif;\">\n                        <p style=\"text-align: justify;\"><span style=\"font-size:11pt;font-family:Calibri,sans-serif;\">Behatol&aacute;s&eacute;rz&eacute;kel&eacute;s<\/span><\/p>\n                    <\/li>\n                    <li style=\"list-style-type:disc;font-size:11pt;font-family:'Noto Sans Symbols',sans-serif;\">\n                        <p style=\"text-align: justify;\"><span style=\"font-size:11pt;font-family:Calibri,sans-serif;\">Hiteles&iacute;t&eacute;s &eacute;s enged&eacute;lyez&eacute;s<\/span><\/p>\n                    <\/li>\n                    <li style=\"list-style-type:disc;font-size:11pt;font-family:'Noto Sans Symbols',sans-serif;\">\n                        <p style=\"text-align: justify;\"><span style=\"font-size:11pt;font-family:Calibri,sans-serif;\">Hiba ut&aacute;n vissza&aacute;ll&iacute;that&oacute; biztons&aacute;gi ment&eacute;si &eacute;s helyre&aacute;ll&iacute;t&aacute;si rendszerek, p&eacute;ld&aacute;ul terhel&eacute;seloszt&aacute;s, hibaelh&aacute;r&iacute;t&aacute;s<\/span><\/p>\n                    <\/li>\n                    <li style=\"list-style-type:disc;font-size:11pt;font-family:'Noto Sans Symbols',sans-serif;\">\n                        <p style=\"text-align: justify;\"><span style=\"font-size:11pt;font-family:Calibri,sans-serif;\">A h&aacute;l&oacute;zati infrastrukt&uacute;ra rendszeres &eacute;rt&eacute;kel&eacute;se<\/span><\/p>\n                    <\/li>\n                    <li style=\"list-style-type:disc;font-size:11pt;font-family:'Noto Sans Symbols',sans-serif;\">\n                        <p style=\"text-align: justify;\"><span style=\"font-size:11pt;font-family:Calibri,sans-serif;\">H&aacute;l&oacute;zatb&#x151;v&iacute;t&eacute;sek vagy b&#x151;v&iacute;t&eacute;sek &eacute;rt&eacute;kel&eacute;se<\/span><\/p>\n                    <\/li>\n                    <li style=\"list-style-type:disc;font-size:11pt;font-family:'Noto Sans Symbols',sans-serif;\">\n                        <p style=\"text-align: justify;\"><span style=\"font-size:11pt;font-family:Calibri,sans-serif;\">K&uuml;ls&#x151; biztons&aacute;gi ment&eacute;s szalagr&oacute;l vagy adathordoz&oacute;r&oacute;l<\/span><\/p>\n                    <\/li>\n                    <li style=\"list-style-type:disc;font-size:11pt;font-family:'Noto Sans Symbols',sans-serif;\">\n                        <p style=\"text-align: justify;\"><span style=\"font-size:11pt;font-family:Calibri,sans-serif;\">Szerver antiv&iacute;rus szoftver v&eacute;delem<\/span><\/p>\n                    <\/li>\n                <\/ul>\n            <\/li>\n        <\/ul>\n    <\/li>\n<\/ul>\n<p><br><\/p>\n<ul>\n    <li style=\"list-style-type:disc;font-size:11pt;font-family:'Noto Sans Symbols',sans-serif;\">\n        <p style=\"text-align: justify;\"><span style=\"font-size:11pt;font-family:Calibri,sans-serif;\">Hozz&aacute;f&eacute;r&eacute;si jogosults&aacute;g korl&aacute;toz&aacute;sa:<\/span><\/p>\n        <ul>\n            <li style=\"list-style-type:disc;font-size:11pt;font-family:'Courier New',monospace;\">\n                <p style=\"text-align: justify;\"><span style=\"font-size:11pt;font-family:Calibri,sans-serif;\">&aacute;ltal&aacute;ban minden adat titkos&iacute;tva van. Csak speci&aacute;lis, elk&ouml;telezett munkat&aacute;rsak f&eacute;rhetnek hozz&aacute; az adatb&aacute;zisokhoz. A hozz&aacute;f&eacute;r&eacute;st speci&aacute;lis szab&aacute;lyoz&aacute;ssal rendelkez&#x151; t&aacute;rsas&aacute;g ellen&#x151;rzi, ahol minden tev&eacute;kenys&eacute;get folyamatosan napl&oacute;znak. Teljes h&aacute;l&oacute;zatbiztons&aacute;gi megold&aacute;st vezett&uuml;nk be, amely mag&aacute;ban foglalja a hiteles&iacute;t&eacute;st, az enged&eacute;lyez&eacute;st, az adatv&eacute;delmet &eacute;s a perembiztons&aacute;got.<\/span><\/p>\n            <\/li>\n            <li style=\"list-style-type:disc;font-size:11pt;font-family:'Courier New',monospace;\">\n                <p style=\"text-align: justify;\"><span style=\"font-size:11pt;font-family:Calibri,sans-serif;\">az adatb&aacute;zis-hozz&aacute;f&eacute;r&eacute;s biztons&aacute;ga &eacute;rdek&eacute;ben minden &uuml;gyf&eacute;l adatb&aacute;zisa el van k&uuml;l&ouml;n&iacute;tve egym&aacute;st&oacute;l, &eacute;s minden &uuml;gyf&eacute;l adatb&aacute;zishoz k&uuml;l&ouml;nb&ouml;z&#x151; jogosults&aacute;gokat &eacute;s korl&aacute;tozott hozz&aacute;f&eacute;r&eacute;st biztos&iacute;tunk.<\/span><\/p>\n            <\/li>\n        <\/ul>\n    <\/li>\n<\/ul>\n<p><br><\/p>\n<ul>\n    <li style=\"list-style-type:disc;font-size:11pt;font-family:'Noto Sans Symbols',sans-serif;\">\n        <p style=\"text-align: justify;\"><span style=\"font-size:11pt;font-family:Calibri,sans-serif;\">Inform&aacute;ci&oacute;biztons&aacute;gi technol&oacute;giai megold&aacute;sok:<\/span><\/p>\n        <ul>\n            <li style=\"list-style-type:disc;font-size:11pt;font-family:'Courier New',monospace;\">\n                <p style=\"text-align: justify;\"><span style=\"font-size:11pt;font-family:Calibri,sans-serif;\">VPN, SSL, t&#x171;zfal titkos&iacute;t&aacute;s,&nbsp;<\/span><\/p>\n            <\/li>\n            <li style=\"list-style-type:disc;font-size:11pt;font-family:'Courier New',monospace;\">\n                <p style=\"text-align: justify;\"><span style=\"font-size:11pt;font-family:Calibri,sans-serif;\">az &ouml;sszes tev&eacute;kenys&eacute;g folyamatos napl&oacute;z&aacute;sa kiz&aacute;r&oacute;lag t&aacute;rsas&aacute;gunk arra jogosult felhaszn&aacute;l&oacute;i &aacute;ltal.<\/span><\/p>\n            <\/li>\n        <\/ul>\n    <\/li>\n<\/ul>\n<p><br><\/p>\n<ul>\n    <li style=\"list-style-type:disc;font-size:11pt;font-family:'Noto Sans Symbols',sans-serif;\">\n        <p style=\"text-align: justify;\"><span style=\"font-size:11pt;font-family:Calibri,sans-serif;\">Megel&#x151;z&#x151; int&eacute;zked&eacute;sek adatsziv&aacute;rg&aacute;s eset&eacute;n:<\/span><\/p>\n        <ul>\n            <li style=\"list-style-type:disc;font-size:11pt;font-family:'Courier New',monospace;\">\n                <p style=\"text-align: justify;\"><span style=\"font-size:11pt;font-family:Calibri,sans-serif;\">elk&ouml;telezett m&eacute;rn&ouml;ki csapatunk van, akik folyamatosan a legfejlettebb eszk&ouml;z&ouml;ket &eacute;s technol&oacute;gi&aacute;kat haszn&aacute;lj&aacute;k a h&aacute;l&oacute;zati forgalom, az adathozz&aacute;f&eacute;r&eacute;si k&iacute;s&eacute;rletek &eacute;s a jogosulatlan hozz&aacute;f&eacute;r&eacute;s\/rosszindulat&uacute; programok elleni v&eacute;delem megel&#x151;z&eacute;se &eacute;rdek&eacute;ben.<\/span><\/p>\n            <\/li>\n        <\/ul>\n    <\/li>\n<\/ul>\n<p><br><\/p>\n<ul>\n    <li style=\"list-style-type:disc;font-size:11pt;font-family:'Noto Sans Symbols',sans-serif;\">\n        <p style=\"text-align: justify;\"><span style=\"font-size:11pt;font-family:Calibri,sans-serif;\">Biztons&aacute;gi ellen&#x151;rz&eacute;s<\/span><\/p>\n        <ul>\n            <li style=\"list-style-type:disc;font-size:11pt;font-family:'Courier New',monospace;\">\n                <p style=\"text-align: justify;\"><span style=\"font-size:11pt;font-family:Calibri,sans-serif;\">dedik&aacute;lt szerverek &eacute;s h&aacute;l&oacute;zati berendez&eacute;sek, tov&aacute;bb&aacute; az &ouml;sszes telep&iacute;tett berendez&eacute;s &eacute;s konfigur&aacute;ci&oacute; adatb&aacute;zis 24 &oacute;r&aacute;s fel&uuml;gyelete (p&eacute;ld&aacute;ul a PING, Simple Network Management Protocol [SNMP])<\/span><\/p>\n            <\/li>\n            <li style=\"list-style-type:disc;font-size:11pt;font-family:'Courier New',monospace;\">\n                <p style=\"text-align: justify;\"><span style=\"font-size:11pt;font-family:Calibri,sans-serif;\">a berendez&eacute;sek &aacute;llapot&aacute;nak 24 &oacute;r&aacute;s fel&uuml;gyelete riaszt&aacute;sokkal &eacute;s szem&eacute;lyh&iacute;v&oacute;-riaszt&aacute;sokkal h&aacute;l&oacute;zati meghib&aacute;sod&aacute;s &eacute;s &aacute;t&aacute;ll&aacute;s eset&eacute;re<\/span><\/p>\n            <\/li>\n            <li style=\"list-style-type:disc;font-size:11pt;font-family:'Courier New',monospace;\">\n                <p style=\"text-align: justify;\"><span style=\"font-size:11pt;font-family:Calibri,sans-serif;\">a h&eacute;t minden napj&aacute;n &eacute;jjel-nappal megfigyel&#x151; t&#x171;zfalszolg&aacute;ltat&aacute;s &ndash; alternat&iacute;v NOC el&eacute;rhet&#x151; &ndash; m&aacute;sodlagos t&aacute;mogat&oacute; szem&eacute;lyzet a k&ouml;zelben<\/span><\/p>\n            <\/li>\n            <li style=\"list-style-type:disc;font-size:11pt;font-family:'Courier New',monospace;\">\n                <p style=\"text-align: justify;\"><span style=\"font-size:11pt;font-family:Calibri,sans-serif;\">Hiba esem&eacute;nyek kezel&eacute;se:<\/span><\/p>\n                <ul>\n                    <li style=\"list-style-type:disc;font-size:11pt;font-family:'Noto Sans Symbols',sans-serif;\">\n                        <p style=\"text-align: justify;\"><span style=\"font-size:11pt;font-family:Calibri,sans-serif;\">l&eacute;trehozva &eacute;s napl&oacute;zva minden szokatlan vagy v&aacute;ratlan esem&eacute;ny eset&eacute;n<\/span><\/p>\n                    <\/li>\n                    <li style=\"list-style-type:disc;font-size:11pt;font-family:'Noto Sans Symbols',sans-serif;\">\n                        <p style=\"text-align: justify;\"><span style=\"font-size:11pt;font-family:Calibri,sans-serif;\">automatiz&aacute;lt eseteszkal&aacute;ci&oacute;s elj&aacute;r&aacute;sok, bele&eacute;rtve az eszkal&aacute;ci&oacute;s id&#x151;kereteket<\/span><\/p>\n                    <\/li>\n                    <li style=\"list-style-type:disc;font-size:11pt;font-family:'Noto Sans Symbols',sans-serif;\">\n                        <p style=\"text-align: justify;\"><span style=\"font-size:11pt;font-family:Calibri,sans-serif;\">jelent&eacute;sk&eacute;sz&iacute;t&eacute;s, amely trendszer&#x171; statisztik&aacute;kat ny&uacute;jt a hibajegyekr&#x151;l &eacute;s jegyz&#x151;k&ouml;nyvekr&#x151;l a min&#x151;s&eacute;gi &eacute;s &uuml;gyf&eacute;ljelent&eacute;sek megk&ouml;nny&iacute;t&eacute;se &eacute;rdek&eacute;ben<\/span><\/p>\n                    <\/li>\n                    <li style=\"list-style-type:disc;font-size:11pt;font-family:'Noto Sans Symbols',sans-serif;\">\n                        <p style=\"text-align: justify;\"><span style=\"font-size:11pt;font-family:Calibri,sans-serif;\">teljes&iacute;tm&eacute;nyjelent&eacute;s &eacute;s a v&eacute;gfelhaszn&aacute;l&oacute;i hat&aacute;sok nyomon k&ouml;vet&eacute;se<\/span><\/p>\n                    <\/li>\n                    <li style=\"list-style-type:disc;font-size:11pt;font-family:'Noto Sans Symbols',sans-serif;\">\n                        <p style=\"text-align: justify;\"><span style=\"font-size:11pt;font-family:Calibri,sans-serif;\">az &uuml;gyfeleknek ny&uacute;jtott id&#x151;szakos &eacute;s kiv&eacute;teles jelent&eacute;sek (bele&eacute;rtve a haszn&aacute;lati &eacute;s probl&eacute;majelent&eacute;seket)<\/span><\/p>\n                    <\/li>\n                    <li style=\"list-style-type:disc;font-size:11pt;font-family:'Noto Sans Symbols',sans-serif;\">\n                        <p style=\"text-align: justify;\"><span style=\"font-size:11pt;font-family:Calibri,sans-serif;\">hardverhiba eset&eacute;re rendelkez&eacute;sre &aacute;llnak tartal&eacute;keszk&ouml;z&ouml;k a helysz&iacute;nen a kulcsfontoss&aacute;g&uacute; h&aacute;l&oacute;zati berendez&eacute;sekhez<\/span><\/p>\n                    <\/li>\n                <\/ul>\n            <\/li>\n        <\/ul>\n    <\/li>\n<\/ul>\n<p><br><\/p>\n<p><br><\/p>\t\t\t\t\t\t\t\t<\/div>\n\t\t\t\t\t<\/div>\n\t\t<\/div>\n\t\t\t\t\t<\/div>\n\t\t<\/section>\n\t\t\t\t<\/div>\n\t\t","protected":false},"excerpt":{"rendered":"<p>Privacy Policy This document \u201cPrivacy Policy\u201d (hereinafter referred to as the \u201cPolicy\u201d) is the terms for processing the Personal information by Altegio Europe KFT (hereinafter referred to as \u201cAltegio\u201d) \u00a0in its capacity as Data Controller in full compliance with the guidelines provided for by the General Data Protection Regulation (EU) 2016\/679 (GDPR). USER\u2019S CONSENT: By [&hellip;]<\/p>\n","protected":false},"author":3,"featured_media":0,"parent":1114,"menu_order":0,"comment_status":"closed","ping_status":"closed","template":"","meta":{"_monsterinsights_skip_tracking":false,"_monsterinsights_sitenote_active":false,"_monsterinsights_sitenote_note":"","_monsterinsights_sitenote_category":0,"footnotes":""},"class_list":["post-1262","page","type-page","status-publish","hentry"],"aioseo_notices":[],"_links":{"self":[{"href":"https:\/\/alteg.io\/hu\/wp-json\/wp\/v2\/pages\/1262","targetHints":{"allow":["GET"]}}],"collection":[{"href":"https:\/\/alteg.io\/hu\/wp-json\/wp\/v2\/pages"}],"about":[{"href":"https:\/\/alteg.io\/hu\/wp-json\/wp\/v2\/types\/page"}],"author":[{"embeddable":true,"href":"https:\/\/alteg.io\/hu\/wp-json\/wp\/v2\/users\/3"}],"replies":[{"embeddable":true,"href":"https:\/\/alteg.io\/hu\/wp-json\/wp\/v2\/comments?post=1262"}],"version-history":[{"count":19,"href":"https:\/\/alteg.io\/hu\/wp-json\/wp\/v2\/pages\/1262\/revisions"}],"predecessor-version":[{"id":25368,"href":"https:\/\/alteg.io\/hu\/wp-json\/wp\/v2\/pages\/1262\/revisions\/25368"}],"up":[{"embeddable":true,"href":"https:\/\/alteg.io\/hu\/wp-json\/wp\/v2\/pages\/1114"}],"wp:attachment":[{"href":"https:\/\/alteg.io\/hu\/wp-json\/wp\/v2\/media?parent=1262"}],"curies":[{"name":"wp","href":"https:\/\/api.w.org\/{rel}","templated":true}]}}